
{"id":38569,"date":"2022-01-05T11:26:57","date_gmt":"2022-01-05T11:26:57","guid":{"rendered":"https:\/\/www.fqgalicia.org\/programas-agfq\/"},"modified":"2026-02-11T09:08:03","modified_gmt":"2026-02-11T09:08:03","slug":"programas-agfq","status":"publish","type":"page","link":"https:\/\/www.fqgalicia.org\/gl\/programas-agfq\/","title":{"rendered":"Programas da AGFQ"},"content":{"rendered":"[vc_row type=&#8221;full_width_background&#8221; full_screen_row_position=&#8221;middle&#8221; column_margin=&#8221;default&#8221; equal_height=&#8221;yes&#8221; content_placement=&#8221;middle&#8221; column_direction=&#8221;default&#8221; column_direction_tablet=&#8221;default&#8221; column_direction_phone=&#8221;column_reverse&#8221; bg_color=&#8221;#94bfb7&#8243; scene_position=&#8221;center&#8221; top_padding=&#8221;16%&#8221; bottom_padding=&#8221;2%&#8221; text_color=&#8221;light&#8221; text_align=&#8221;left&#8221; row_border_radius=&#8221;none&#8221; row_border_radius_applies=&#8221;bg&#8221; overlay_strength=&#8221;0.5&#8243; gradient_direction=&#8221;left_to_right&#8221; shape_divider_position=&#8221;bottom&#8221; shape_divider_height=&#8221;30%&#8221; shape_divider_height_phone=&#8221;15%&#8221; bg_image_animation=&#8221;none&#8221; parallax_bg=&#8221;true&#8221; parallax_bg_speed=&#8221;fast&#8221; shape_type=&#8221;waves&#8221;][vc_column column_padding=&#8221;no-extra-padding&#8221; column_padding_tablet=&#8221;inherit&#8221; column_padding_phone=&#8221;inherit&#8221; column_padding_position=&#8221;all&#8221; column_element_spacing=&#8221;default&#8221; background_color_opacity=&#8221;1&#8243; background_hover_color_opacity=&#8221;1&#8243; column_shadow=&#8221;none&#8221; column_border_radius=&#8221;none&#8221; column_link_target=&#8221;_self&#8221; gradient_direction=&#8221;left_to_right&#8221; overlay_strength=&#8221;0.3&#8243; width=&#8221;1\/2&#8243; tablet_width_inherit=&#8221;default&#8221; tablet_text_alignment=&#8221;default&#8221; phone_text_alignment=&#8221;default&#8221; bg_image_animation=&#8221;none&#8221; border_type=&#8221;simple&#8221; column_border_width=&#8221;none&#8221; column_border_style=&#8221;solid&#8221;][vc_row_inner column_margin=&#8221;default&#8221; column_direction=&#8221;default&#8221; column_direction_tablet=&#8221;default&#8221; column_direction_phone=&#8221;default&#8221; text_align=&#8221;left&#8221;][vc_column_inner column_padding=&#8221;padding-13-percent&#8221; column_padding_tablet=&#8221;no-extra-padding&#8221; column_padding_phone=&#8221;no-extra-padding&#8221; column_padding_position=&#8221;left&#8221; column_element_spacing=&#8221;default&#8221; background_color_opacity=&#8221;1&#8243; background_hover_color_opacity=&#8221;1&#8243; column_shadow=&#8221;none&#8221; column_border_radius=&#8221;none&#8221; column_link_target=&#8221;_self&#8221; gradient_direction=&#8221;left_to_right&#8221; overlay_strength=&#8221;0.3&#8243; width=&#8221;1\/1&#8243; tablet_width_inherit=&#8221;default&#8221; bg_image_animation=&#8221;none&#8221; border_type=&#8221;simple&#8221; column_border_width=&#8221;none&#8221; column_border_style=&#8221;solid&#8221;][image_with_animation image_url=&#8221;38561&#8243; animation=&#8221;Fade In&#8221; hover_animation=&#8221;none&#8221; alignment=&#8221;&#8221; border_radius=&#8221;none&#8221; box_shadow=&#8221;none&#8221; image_loading=&#8221;default&#8221; max_width=&#8221;100%&#8221; max_width_mobile=&#8221;default&#8221;][\/vc_column_inner][\/vc_row_inner][\/vc_column][vc_column column_padding=&#8221;no-extra-padding&#8221; column_padding_tablet=&#8221;inherit&#8221; column_padding_phone=&#8221;inherit&#8221; column_padding_position=&#8221;all&#8221; column_element_spacing=&#8221;default&#8221; background_color_opacity=&#8221;1&#8243; background_hover_color_opacity=&#8221;1&#8243; column_shadow=&#8221;none&#8221; column_border_radius=&#8221;none&#8221; column_link_target=&#8221;_self&#8221; gradient_direction=&#8221;left_to_right&#8221; overlay_strength=&#8221;0.3&#8243; width=&#8221;1\/2&#8243; tablet_width_inherit=&#8221;default&#8221; tablet_text_alignment=&#8221;default&#8221; phone_text_alignment=&#8221;default&#8221; bg_image_animation=&#8221;none&#8221; border_type=&#8221;simple&#8221; column_border_width=&#8221;none&#8221; column_border_style=&#8221;solid&#8221;][vc_row_inner equal_height=&#8221;yes&#8221; content_placement=&#8221;middle&#8221; column_margin=&#8221;default&#8221; column_direction=&#8221;default&#8221; column_direction_tablet=&#8221;default&#8221; column_direction_phone=&#8221;default&#8221; left_padding_desktop=&#8221;5%&#8221; constrain_group_2=&#8221;yes&#8221; right_padding_desktop=&#8221;5%&#8221; text_align=&#8221;left&#8221;][vc_column_inner column_padding=&#8221;no-extra-padding&#8221; column_padding_tablet=&#8221;inherit&#8221; column_padding_phone=&#8221;inherit&#8221; column_padding_position=&#8221;all&#8221; column_element_spacing=&#8221;default&#8221; background_color_opacity=&#8221;1&#8243; background_hover_color_opacity=&#8221;1&#8243; column_shadow=&#8221;none&#8221; column_border_radius=&#8221;none&#8221; column_link_target=&#8221;_self&#8221; gradient_direction=&#8221;left_to_right&#8221; overlay_strength=&#8221;0.3&#8243; width=&#8221;1\/1&#8243; tablet_width_inherit=&#8221;default&#8221; bg_image_animation=&#8221;none&#8221; border_type=&#8221;simple&#8221; column_border_width=&#8221;none&#8221; column_border_style=&#8221;solid&#8221;][nectar_highlighted_text color_type=&#8221;regular&#8221; highlight_color=&#8221;#d8e5d5&#8243; style=&#8221;half_text&#8221;]\n<h1>Programas da AGFQ<\/h1>\n[\/nectar_highlighted_text][vc_column_text]\n<h3><span style=\"font-weight: 400;\">Descubre todos os nosos programas e acci\u00f3ns<\/span><\/h3>\n[\/vc_column_text][\/vc_column_inner][\/vc_row_inner][\/vc_column][\/vc_row][vc_row type=&#8221;in_container&#8221; full_screen_row_position=&#8221;middle&#8221; column_margin=&#8221;default&#8221; column_direction=&#8221;default&#8221; column_direction_tablet=&#8221;column_reverse&#8221; column_direction_phone=&#8221;column_reverse&#8221; scene_position=&#8221;center&#8221; top_padding=&#8221;18%&#8221; bottom_padding=&#8221;4%&#8221; left_padding_desktop=&#8221;5%&#8221; constrain_group_2=&#8221;yes&#8221; right_padding_desktop=&#8221;5%&#8221; text_color=&#8221;dark&#8221; text_align=&#8221;left&#8221; row_border_radius=&#8221;none&#8221; row_border_radius_applies=&#8221;bg&#8221; id=&#8221;objetivos&#8221; overlay_strength=&#8221;0.3&#8243; gradient_direction=&#8221;left_to_right&#8221; shape_divider_color=&#8221;#94bfb7&#8243; shape_divider_position=&#8221;top&#8221; shape_divider_height=&#8221;32%&#8221; bg_image_animation=&#8221;none&#8221; shape_type=&#8221;waves&#8221;][vc_column column_padding=&#8221;no-extra-padding&#8221; column_padding_tablet=&#8221;inherit&#8221; column_padding_phone=&#8221;inherit&#8221; column_padding_position=&#8221;all&#8221; column_element_spacing=&#8221;default&#8221; background_color_opacity=&#8221;1&#8243; background_hover_color_opacity=&#8221;1&#8243; font_color=&#8221;#000000&#8243; column_shadow=&#8221;none&#8221; column_border_radius=&#8221;none&#8221; column_link_target=&#8221;_self&#8221; gradient_direction=&#8221;left_to_right&#8221; overlay_strength=&#8221;0.3&#8243; width=&#8221;2\/3&#8243; tablet_width_inherit=&#8221;default&#8221; tablet_text_alignment=&#8221;default&#8221; phone_text_alignment=&#8221;default&#8221; bg_image_animation=&#8221;none&#8221; border_type=&#8221;simple&#8221; column_border_width=&#8221;none&#8221; column_border_style=&#8221;solid&#8221;][toggles style=&#8221;minimal_small&#8221;][toggle color=&#8221;Extra-Color-2&#8243; title=&#8221;Programa de atenci\u00f3n integral e fisioterapia para persoas con fibrose qu\u00edstica&#8221;][vc_column_text]\n<ul>\n<li>Convocatoria: Subvenci\u00f3n a entidades sen \u00e1nimo de lucro para a actuaci\u00f3n no \u00e1mbito dos servicios sociais, sociosanitarios e da xuventude no ano 2025.<\/li>\n<li>Objeto: Contrataci\u00f3n dunha traballadora social para a delegaci\u00f3n de Vigo, servicio de psicolox\u00eda e servicio de fisioterapia respiratoria en cl\u00ednicas.<\/li>\n<li>Fecha de inicio: 01\/01\/2025<\/li>\n<li>Duraci\u00f3n: 12 meses<\/li>\n<li>Importe: 4.503,92\u20ac<\/li>\n<\/ul>\n<p><img loading=\"lazy\" decoding=\"async\" class=\"alignnone size-medium wp-image-41107\" src=\"https:\/\/www.fqgalicia.org\/wp-content\/uploads\/2026\/01\/cartel-depo_page-0001-300x212.jpg\" alt=\"\" width=\"300\" height=\"212\" srcset=\"https:\/\/www.fqgalicia.org\/wp-content\/uploads\/2026\/01\/cartel-depo_page-0001-300x212.jpg 300w, https:\/\/www.fqgalicia.org\/wp-content\/uploads\/2026\/01\/cartel-depo_page-0001-1024x724.jpg 1024w, https:\/\/www.fqgalicia.org\/wp-content\/uploads\/2026\/01\/cartel-depo_page-0001-768x543.jpg 768w, https:\/\/www.fqgalicia.org\/wp-content\/uploads\/2026\/01\/cartel-depo_page-0001-1536x1086.jpg 1536w, https:\/\/www.fqgalicia.org\/wp-content\/uploads\/2026\/01\/cartel-depo_page-0001-600x424.jpg 600w, https:\/\/www.fqgalicia.org\/wp-content\/uploads\/2026\/01\/cartel-depo_page-0001.jpg 1755w\" sizes=\"auto, (max-width: 300px) 100vw, 300px\" \/>[\/vc_column_text][\/toggle][toggle color=&#8221;Extra-Color-2&#8243; title=&#8221;Programa de Cooperaci\u00f3n Xunta de Galicia&#8221;][vc_column_text]\n<ul>\n<li>Convocatoria: Programa de sensibilizaci\u00f3n, visibilizaci\u00f3n e comunicaci\u00f3n da Asociaci\u00f3n Galega de Fibrose Qu\u00edstica.<\/li>\n<li>Objeto: Contrataci\u00f3n t\u00e9cnico en publicidad y marketing.<\/li>\n<li>Fecha de inicio:02\/12\/2024<\/li>\n<li>Duraci\u00f3n: 12 meses<\/li>\n<li>Importe de la subvenci\u00f3n: 22.050,00\u20ac<\/li>\n<\/ul>\n<p><img loading=\"lazy\" decoding=\"async\" class=\"alignnone wp-image-40440 \" src=\"https:\/\/www.fqgalicia.org\/wp-content\/uploads\/2025\/01\/imagen-web.jpg\" alt=\"\" width=\"763\" height=\"429\" srcset=\"https:\/\/www.fqgalicia.org\/wp-content\/uploads\/2025\/01\/imagen-web.jpg 1707w, https:\/\/www.fqgalicia.org\/wp-content\/uploads\/2025\/01\/imagen-web-600x337.jpg 600w, https:\/\/www.fqgalicia.org\/wp-content\/uploads\/2025\/01\/imagen-web-300x169.jpg 300w, https:\/\/www.fqgalicia.org\/wp-content\/uploads\/2025\/01\/imagen-web-1024x576.jpg 1024w, https:\/\/www.fqgalicia.org\/wp-content\/uploads\/2025\/01\/imagen-web-768x432.jpg 768w, https:\/\/www.fqgalicia.org\/wp-content\/uploads\/2025\/01\/imagen-web-1536x864.jpg 1536w\" sizes=\"auto, (max-width: 763px) 100vw, 763px\" \/>[\/vc_column_text][\/toggle][toggle color=&#8221;Extra-Color-2&#8243; title=&#8221;Programa de voluntariado para persoas con fibrosis qu\u00edstica&#8221;][vc_column_text]\n<ul>\n<li>Convocatoria: Subvenci\u00f3n a entidades de acci\u00f3n voluntaria de car\u00e1cter privado para o fomento e a realizaci\u00f3n de actividades de voluntariado.<\/li>\n<li>Obxecto: desprazamentos de persoas voluntarias, material de actividades, Epis, Plataforma zoom.<\/li>\n<li>Data de inicio:01\/01\/2025<\/li>\n<li>Importe da subvenci\u00f3n: 1.263,58\u20ac<\/li>\n<\/ul>\n<p><img loading=\"lazy\" decoding=\"async\" class=\"alignnone size-medium wp-image-40884\" src=\"https:\/\/www.fqgalicia.org\/wp-content\/uploads\/2025\/10\/voluntariado-300x168.jpg\" alt=\"\" width=\"300\" height=\"168\" srcset=\"https:\/\/www.fqgalicia.org\/wp-content\/uploads\/2025\/10\/voluntariado-300x168.jpg 300w, https:\/\/www.fqgalicia.org\/wp-content\/uploads\/2025\/10\/voluntariado-1024x573.jpg 1024w, https:\/\/www.fqgalicia.org\/wp-content\/uploads\/2025\/10\/voluntariado-768x430.jpg 768w, https:\/\/www.fqgalicia.org\/wp-content\/uploads\/2025\/10\/voluntariado-600x336.jpg 600w, https:\/\/www.fqgalicia.org\/wp-content\/uploads\/2025\/10\/voluntariado.jpg 1468w\" sizes=\"auto, (max-width: 300px) 100vw, 300px\" \/>[\/vc_column_text][\/toggle][toggle color=&#8221;Extra-Color-2&#8243; title=&#8221;Programa de atenci\u00f3n integral en persoas con Fibrose Qu\u00edstica de Ourense&#8221;][vc_column_text]\n<ul>\n<li>Convocatoria: Concurso p\u00fablico para a concesi\u00f3n de subvenci\u00f3ns para entidades sociais sen \u00e1nimo de lucro para proxectos de car\u00e1cter social, ano 2025<\/li>\n<li>Obxecto: atenci\u00f3n a\u00a0 persoas con fibrose qu\u00edstica de Ourense nas \u00e1reas de traballo social, psicolox\u00eda e fisioterapia<\/li>\n<li>Data de inicio do servizo: 01\/01\/2025<\/li>\n<li>Importe da subvenci\u00f3n concedida: 10.000\u20ac<\/li>\n<\/ul>\n<p><img loading=\"lazy\" decoding=\"async\" class=\"alignnone wp-image-41165\" src=\"https:\/\/www.fqgalicia.org\/wp-content\/uploads\/2026\/02\/Cartel-1-300x169.png\" alt=\"\" width=\"437\" height=\"246\" \/>[\/vc_column_text][\/toggle][toggle color=&#8221;Extra-Color-2&#8243; title=&#8221;Programa de aerosolterapia, fisioterapia e atenci\u00f3n integral para persoas con fibrose qu\u00edstica&#8221;][vc_column_text]\n<ul>\n<li>Convocatoria: Proxecto financiado pola Xunta de Galicia a trav\u00e9s dos fondos do 0,7% do IRPF.<\/li>\n<li>Obxecto: Contrataci\u00f3n dun fisioterapeuta respiratorio a domicilio, zona Pontevedra,\u00a0 e Contrataci\u00f3n dunha traballadora social para a delegaci\u00f3n de Vigo.<\/li>\n<li>Data de inicio do servizo: 01\/01\/2025<\/li>\n<li>Duraci\u00f3n: 5 meses<\/li>\n<li>Importe da subvenci\u00f3n concedida: 15.000,00\u20ac<\/li>\n<\/ul>\n<p><img loading=\"lazy\" decoding=\"async\" class=\"alignnone wp-image-40044\" src=\"https:\/\/www.fqgalicia.org\/wp-content\/uploads\/2024\/05\/Prog.-Atencion-Especializada_horizontal-2023_page-0001.jpg\" alt=\"\" width=\"502\" height=\"355\" srcset=\"https:\/\/www.fqgalicia.org\/wp-content\/uploads\/2024\/05\/Prog.-Atencion-Especializada_horizontal-2023_page-0001.jpg 1755w, https:\/\/www.fqgalicia.org\/wp-content\/uploads\/2024\/05\/Prog.-Atencion-Especializada_horizontal-2023_page-0001-600x424.jpg 600w, https:\/\/www.fqgalicia.org\/wp-content\/uploads\/2024\/05\/Prog.-Atencion-Especializada_horizontal-2023_page-0001-300x212.jpg 300w, https:\/\/www.fqgalicia.org\/wp-content\/uploads\/2024\/05\/Prog.-Atencion-Especializada_horizontal-2023_page-0001-1024x724.jpg 1024w, https:\/\/www.fqgalicia.org\/wp-content\/uploads\/2024\/05\/Prog.-Atencion-Especializada_horizontal-2023_page-0001-768x543.jpg 768w, https:\/\/www.fqgalicia.org\/wp-content\/uploads\/2024\/05\/Prog.-Atencion-Especializada_horizontal-2023_page-0001-1536x1086.jpg 1536w\" sizes=\"auto, (max-width: 502px) 100vw, 502px\" \/>[\/vc_column_text][\/toggle][toggle color=&#8221;Extra-Color-2&#8243; title=&#8221;Programa de fisioterapia respiratoria a domicilio e exercicio f\u00edsico dirixido&#8221;][vc_column_text]\n<ul>\n<li>Convocatoria: Convocatoria Fundaci\u00f3n Inocente, Inocente 2024 de axudas para proxectos destinados a nenos e nenas con enfermidades raras.<\/li>\n<li>Obxecto: Contrataci\u00f3n fisioterapeuta para sesi\u00f3ns de fisioterapia respiratoria a domicilio e de exercicio f\u00edsico dirixido<\/li>\n<li>Data de inicio do servizo: 13\/05\/2024<\/li>\n<li>Duraci\u00f3n: 12 meses<\/li>\n<li>Importe da subvenci\u00f3n concedida: 10.000,00\u20ac<\/li>\n<\/ul>\n<p><img loading=\"lazy\" decoding=\"async\" class=\"alignnone wp-image-40046\" src=\"https:\/\/www.fqgalicia.org\/wp-content\/uploads\/2024\/05\/Publicidad-web-inocente.png\" alt=\"\" width=\"512\" height=\"288\" srcset=\"https:\/\/www.fqgalicia.org\/wp-content\/uploads\/2024\/05\/Publicidad-web-inocente.png 1467w, https:\/\/www.fqgalicia.org\/wp-content\/uploads\/2024\/05\/Publicidad-web-inocente-600x338.png 600w, https:\/\/www.fqgalicia.org\/wp-content\/uploads\/2024\/05\/Publicidad-web-inocente-300x169.png 300w, https:\/\/www.fqgalicia.org\/wp-content\/uploads\/2024\/05\/Publicidad-web-inocente-1024x577.png 1024w, https:\/\/www.fqgalicia.org\/wp-content\/uploads\/2024\/05\/Publicidad-web-inocente-768x432.png 768w\" sizes=\"auto, (max-width: 512px) 100vw, 512px\" \/>[\/vc_column_text][\/toggle][toggle color=&#8221;Extra-Color-2&#8243; title=&#8221;Programa de fisioterapia respiratoria e atenci\u00f3n da Fibrose Qu\u00edstica&#8221;][vc_column_text]\n<ul>\n<li>Convocatoria: Convenio de colaboraci\u00f3n entre a Conceller\u00eda de Pol\u00edtica Social e Xuventude e COGAMI para o desenvolvemento dun programa integral de actuaci\u00f3ns para a promoci\u00f3n da autonom\u00eda persoal e a inclusi\u00f3n social das persoas con discapacidade.<\/li>\n<li>Obxecto: Contrataci\u00f3n de persoal &#8211; Fisioterapeuta e Traballadora Social.<\/li>\n<li>Data de inicio: 01\/01\/2025<\/li>\n<li>Duraci\u00f3n: 8 meses<\/li>\n<li>Importe da subvenci\u00f3n concedida: 14.990\u20ac<\/li>\n<\/ul>\n[\/vc_column_text][\/toggle][toggle color=&#8221;Extra-Color-2&#8243; title=&#8221;Programa de fisioterapia respiratoria para persoas da \u00e1rea de A Coru\u00f1a&#8221;][vc_column_text]\n<ul>\n<li>Convocatoria: FOCVAA- Convocatoria do programa de subvenci\u00f3ns a entidades sen \u00e1nimo de lucro para o mantemento de programas sociosanitarios durante o ano 2025.<\/li>\n<li>Obxecto: Contrataci\u00f3n de fisioterapeuta para a zona da Coru\u00f1a e outros gastos.<\/li>\n<li>Data de inicio do servizo: 01\/01\/2025<\/li>\n<li>Duraci\u00f3n: 12 meses.<\/li>\n<li>Importe da subvenci\u00f3n concedida: 7.700,00 \u20ac<\/li>\n<\/ul>\n<p><img loading=\"lazy\" decoding=\"async\" class=\"wp-image-41163 aligncenter\" src=\"https:\/\/www.fqgalicia.org\/wp-content\/uploads\/2026\/02\/Cartel-300x169.png\" alt=\"\" width=\"465\" height=\"262\" srcset=\"https:\/\/www.fqgalicia.org\/wp-content\/uploads\/2026\/02\/Cartel-300x169.png 300w, https:\/\/www.fqgalicia.org\/wp-content\/uploads\/2026\/02\/Cartel-1024x579.png 1024w, https:\/\/www.fqgalicia.org\/wp-content\/uploads\/2026\/02\/Cartel-768x434.png 768w, https:\/\/www.fqgalicia.org\/wp-content\/uploads\/2026\/02\/Cartel-600x339.png 600w, https:\/\/www.fqgalicia.org\/wp-content\/uploads\/2026\/02\/Cartel.png 1478w\" sizes=\"auto, (max-width: 465px) 100vw, 465px\" \/>[\/vc_column_text][\/toggle][toggle color=&#8221;Extra-Color-2&#8243; title=&#8221;Programa de atenci\u00f3n integral para persoas con fibroses qu\u00edstica&#8221;][vc_column_text]\n<ul>\n<li>Plan de prioridades da once: Supresi\u00f3n de barreas psicosociais.<\/li>\n<li>Obxecto: Contrataci\u00f3n dunha traballadora social para a zona de Vigo. Informaci\u00f3n, asesoramento, xesti\u00f3n de recursos, xesti\u00f3n de proxectos, acollida de novos socios e avaliaci\u00f3n de resultados.<\/li>\n<li>Data de inicio: 01.01.2025<\/li>\n<li>Concedido: 11.000,00\u20ac<\/li>\n<\/ul>\n<p><img loading=\"lazy\" decoding=\"async\" class=\"alignnone wp-image-40058\" src=\"https:\/\/www.fqgalicia.org\/wp-content\/uploads\/2024\/05\/FUNDACION-ONCE-CARTEL.png\" alt=\"\" width=\"603\" height=\"338\" srcset=\"https:\/\/www.fqgalicia.org\/wp-content\/uploads\/2024\/05\/FUNDACION-ONCE-CARTEL.png 1468w, https:\/\/www.fqgalicia.org\/wp-content\/uploads\/2024\/05\/FUNDACION-ONCE-CARTEL-600x336.png 600w, https:\/\/www.fqgalicia.org\/wp-content\/uploads\/2024\/05\/FUNDACION-ONCE-CARTEL-300x168.png 300w, https:\/\/www.fqgalicia.org\/wp-content\/uploads\/2024\/05\/FUNDACION-ONCE-CARTEL-1024x574.png 1024w, https:\/\/www.fqgalicia.org\/wp-content\/uploads\/2024\/05\/FUNDACION-ONCE-CARTEL-768x431.png 768w\" sizes=\"auto, (max-width: 603px) 100vw, 603px\" \/>[\/vc_column_text][\/toggle][toggle color=&#8221;Extra-Color-2&#8243; title=&#8221;Programa de fisioterapia respiratoria a domicilio para persoas con Fibrose Qu\u00edstica&#8221;][vc_column_text]\n<ul>\n<li>Convocatoria: SA803A \u2013 Subvenci\u00f3ns en r\u00e9xime de concorrencia competitiva \u00e1s entidades privadas sen fins de lucro para realizar programas de car\u00e1cter sociosanitario.<\/li>\n<li>Obxecto: Servizo de fisioterapia respiratoria a domicilio<\/li>\n<li>Data de inicio do servizo: 01\/01\/2025<\/li>\n<li>Duraci\u00f3n: 10 meses<\/li>\n<li>Importe concedido: 12.000\u20ac<\/li>\n<\/ul>\n<p><img loading=\"lazy\" decoding=\"async\" class=\"alignnone wp-image-39272\" src=\"https:\/\/www.fqgalicia.org\/wp-content\/uploads\/2023\/05\/Cartel-conselleria-23-300x224.png\" alt=\"\" width=\"346\" height=\"258\" srcset=\"https:\/\/www.fqgalicia.org\/wp-content\/uploads\/2023\/05\/Cartel-conselleria-23-300x224.png 300w, https:\/\/www.fqgalicia.org\/wp-content\/uploads\/2023\/05\/Cartel-conselleria-23-600x448.png 600w, https:\/\/www.fqgalicia.org\/wp-content\/uploads\/2023\/05\/Cartel-conselleria-23-1024x765.png 1024w, https:\/\/www.fqgalicia.org\/wp-content\/uploads\/2023\/05\/Cartel-conselleria-23-768x573.png 768w, https:\/\/www.fqgalicia.org\/wp-content\/uploads\/2023\/05\/Cartel-conselleria-23.png 1038w\" sizes=\"auto, (max-width: 346px) 100vw, 346px\" \/>[\/vc_column_text][\/toggle][toggle color=&#8221;Extra-Color-2&#8243; title=&#8221;Programa de informaci\u00f3n e psicolox\u00eda para persoas con fibrose qu\u00edstica de O Rosal&#8221;][vc_column_text]\n<div class=\"col_a\">\n<div class=\"textbox\">\n<div class=\"options\">\n<ul>\n<li id=\"count\" class=\"count\">Convocatoria: Subvenci\u00f3ns a entidades sen \u00e1nimo de lucro para a realizaci\u00f3n de actividades sociais no concello do O Rosal.<\/li>\n<li class=\"count\">Obxecto: Servizo traballo social e psicolox\u00eda<\/li>\n<li class=\"count\">Data de inicio: 01\/01\/2025.<\/li>\n<li class=\"count\">Importe concedido: 1000\u20ac<\/li>\n<li>Duraci\u00f3n: 12 meses<\/li>\n<\/ul>\n<p><img loading=\"lazy\" decoding=\"async\" class=\"alignnone size-medium wp-image-40903\" src=\"https:\/\/www.fqgalicia.org\/wp-content\/uploads\/2025\/10\/PROGRAMA-O-ROSAL-300x165.jpg\" alt=\"\" width=\"300\" height=\"165\" srcset=\"https:\/\/www.fqgalicia.org\/wp-content\/uploads\/2025\/10\/PROGRAMA-O-ROSAL-300x165.jpg 300w, https:\/\/www.fqgalicia.org\/wp-content\/uploads\/2025\/10\/PROGRAMA-O-ROSAL-1024x562.jpg 1024w, https:\/\/www.fqgalicia.org\/wp-content\/uploads\/2025\/10\/PROGRAMA-O-ROSAL-768x422.jpg 768w, https:\/\/www.fqgalicia.org\/wp-content\/uploads\/2025\/10\/PROGRAMA-O-ROSAL-600x329.jpg 600w, https:\/\/www.fqgalicia.org\/wp-content\/uploads\/2025\/10\/PROGRAMA-O-ROSAL.jpg 1468w\" sizes=\"auto, (max-width: 300px) 100vw, 300px\" \/><\/p>\n<\/div>\n<\/div>\n<\/div>\n[\/vc_column_text][\/toggle][toggle color=&#8221;Extra-Color-2&#8243; title=&#8221;Programa de informaci\u00f3n, difusi\u00f3n e asesoramento a persoas con fibroses qu\u00edstica e familiares&#8221;][vc_column_text]\n<div class=\"col_a\">\n<div class=\"textbox\">\n<div class=\"options\">\n<ul>\n<li id=\"count\" class=\"count\">Convocatoria: Subvenci\u00f3n destinada a entidades de iniciativa social sen \u00e1nimo de lucro destinadas a actividades ou proxectos de interese social\u00a0 no Concello da Coru\u00f1a para o exercicio 2025.<\/li>\n<li class=\"count\">Obxecto: Importe concedido dedicado contrataci\u00f3n traballadora social<\/li>\n<li class=\"count\">Data de inicio: 01.01.2025.<\/li>\n<li class=\"count\">Importe concedido: 2.782,00 \u20ac<\/li>\n<\/ul>\n<\/div>\n<\/div>\n<\/div>\n<p><img loading=\"lazy\" decoding=\"async\" class=\"alignnone wp-image-40896\" src=\"https:\/\/www.fqgalicia.org\/wp-content\/uploads\/2025\/10\/PROGRAMA-CORUNA-300x168.jpg\" alt=\"\" width=\"409\" height=\"229\" srcset=\"https:\/\/www.fqgalicia.org\/wp-content\/uploads\/2025\/10\/PROGRAMA-CORUNA-300x168.jpg 300w, https:\/\/www.fqgalicia.org\/wp-content\/uploads\/2025\/10\/PROGRAMA-CORUNA-1024x574.jpg 1024w, https:\/\/www.fqgalicia.org\/wp-content\/uploads\/2025\/10\/PROGRAMA-CORUNA-768x431.jpg 768w, https:\/\/www.fqgalicia.org\/wp-content\/uploads\/2025\/10\/PROGRAMA-CORUNA-600x337.jpg 600w, https:\/\/www.fqgalicia.org\/wp-content\/uploads\/2025\/10\/PROGRAMA-CORUNA.jpg 1248w\" sizes=\"auto, (max-width: 409px) 100vw, 409px\" \/>[\/vc_column_text][\/toggle][toggle color=&#8221;Extra-Color-2&#8243; title=&#8221;Programa de mantemento da Asociaci\u00f3n Galega de Fibrose Qu\u00edstica&#8221;][vc_column_text]\n<div class=\"col_a\">\n<div class=\"textbox\">\n<div class=\"options\">\n<ul>\n<li id=\"count\" class=\"count\">Convocatoria: Subvenci\u00f3n destinada a actividades de interese social en materia de igualdade e diversidade do Excelent\u00edsimo Concello da Coru\u00f1a para o exercicio 2025.<\/li>\n<li class=\"count\">Obxecto: Importe concedido dedicado para gastos de mantemento de oficina, correos, material oficina, tel\u00e9fono, material actividades, carteis, protecci\u00f3n de datos.<\/li>\n<li class=\"count\">Data de inicio: 01.01.2025<\/li>\n<li class=\"count\">Importe da subvenci\u00f3n:\u00a0 1.940,40\u20ac<\/li>\n<li class=\"count\">Duraci\u00f3n: 12 meses<\/li>\n<\/ul>\n<p><img loading=\"lazy\" decoding=\"async\" class=\"wp-image-41158 aligncenter\" src=\"https:\/\/www.fqgalicia.org\/wp-content\/uploads\/2026\/02\/Captura-300x170.png\" alt=\"\" width=\"418\" height=\"237\" srcset=\"https:\/\/www.fqgalicia.org\/wp-content\/uploads\/2026\/02\/Captura-300x170.png 300w, https:\/\/www.fqgalicia.org\/wp-content\/uploads\/2026\/02\/Captura-1024x579.png 1024w, https:\/\/www.fqgalicia.org\/wp-content\/uploads\/2026\/02\/Captura-768x434.png 768w, https:\/\/www.fqgalicia.org\/wp-content\/uploads\/2026\/02\/Captura-600x339.png 600w, https:\/\/www.fqgalicia.org\/wp-content\/uploads\/2026\/02\/Captura.png 1475w\" sizes=\"auto, (max-width: 418px) 100vw, 418px\" \/><\/p>\n<\/div>\n<\/div>\n<\/div>\n[\/vc_column_text][\/toggle][\/toggles][\/vc_column][vc_column column_padding=&#8221;padding-3-percent&#8221; column_padding_tablet=&#8221;inherit&#8221; column_padding_phone=&#8221;inherit&#8221; column_padding_position=&#8221;left&#8221; column_element_spacing=&#8221;default&#8221; background_color_opacity=&#8221;1&#8243; background_hover_color_opacity=&#8221;1&#8243; column_shadow=&#8221;none&#8221; column_border_radius=&#8221;none&#8221; column_link_target=&#8221;_self&#8221; gradient_direction=&#8221;left_to_right&#8221; overlay_strength=&#8221;0.3&#8243; width=&#8221;1\/3&#8243; tablet_width_inherit=&#8221;default&#8221; tablet_text_alignment=&#8221;default&#8221; phone_text_alignment=&#8221;default&#8221; bg_image_animation=&#8221;none&#8221; border_type=&#8221;simple&#8221; column_border_width=&#8221;none&#8221; column_border_style=&#8221;solid&#8221;][vc_row_inner column_margin=&#8221;default&#8221; column_direction=&#8221;default&#8221; column_direction_tablet=&#8221;default&#8221; column_direction_phone=&#8221;default&#8221; left_padding_desktop=&#8221;0&#8243; text_align=&#8221;left&#8221;][vc_column_inner column_padding=&#8221;no-extra-padding&#8221; column_padding_tablet=&#8221;inherit&#8221; column_padding_phone=&#8221;inherit&#8221; column_padding_position=&#8221;all&#8221; column_element_spacing=&#8221;default&#8221; background_color_opacity=&#8221;1&#8243; background_hover_color_opacity=&#8221;1&#8243; column_shadow=&#8221;none&#8221; column_border_radius=&#8221;none&#8221; column_link_target=&#8221;_self&#8221; gradient_direction=&#8221;left_to_right&#8221; overlay_strength=&#8221;0.3&#8243; width=&#8221;1\/1&#8243; tablet_width_inherit=&#8221;default&#8221; bg_image_animation=&#8221;none&#8221; border_type=&#8221;simple&#8221; column_border_width=&#8221;none&#8221; column_border_style=&#8221;solid&#8221;][nectar_highlighted_text color_type=&#8221;regular&#8221; highlight_color=&#8221;#e26536&#8243; style=&#8221;half_text&#8221;]\n<h2 style=\"text-align: center;\"><em>2025<\/em><\/h2>\n[\/nectar_highlighted_text][image_with_animation image_url=&#8221;3019&#8243; animation=&#8221;Fade In&#8221; hover_animation=&#8221;none&#8221; alignment=&#8221;center&#8221; border_radius=&#8221;none&#8221; box_shadow=&#8221;none&#8221; image_loading=&#8221;default&#8221; max_width=&#8221;100%&#8221; max_width_mobile=&#8221;default&#8221; margin_top=&#8221;15%&#8221;][\/vc_column_inner][\/vc_row_inner][\/vc_column][\/vc_row][vc_row type=&#8221;in_container&#8221; full_screen_row_position=&#8221;middle&#8221; column_margin=&#8221;default&#8221; column_direction=&#8221;default&#8221; column_direction_tablet=&#8221;column_reverse&#8221; column_direction_phone=&#8221;column_reverse&#8221; scene_position=&#8221;center&#8221; top_padding=&#8221;18%&#8221; bottom_padding=&#8221;4%&#8221; left_padding_desktop=&#8221;5%&#8221; constrain_group_2=&#8221;yes&#8221; right_padding_desktop=&#8221;5%&#8221; text_color=&#8221;dark&#8221; text_align=&#8221;left&#8221; row_border_radius=&#8221;none&#8221; row_border_radius_applies=&#8221;bg&#8221; id=&#8221;objetivos&#8221; overlay_strength=&#8221;0.3&#8243; gradient_direction=&#8221;left_to_right&#8221; shape_divider_color=&#8221;#94bfb7&#8243; shape_divider_position=&#8221;top&#8221; shape_divider_height=&#8221;32%&#8221; bg_image_animation=&#8221;none&#8221; shape_type=&#8221;waves&#8221;][vc_column column_padding=&#8221;no-extra-padding&#8221; column_padding_tablet=&#8221;inherit&#8221; column_padding_phone=&#8221;inherit&#8221; column_padding_position=&#8221;all&#8221; column_element_spacing=&#8221;default&#8221; background_color_opacity=&#8221;1&#8243; background_hover_color_opacity=&#8221;1&#8243; font_color=&#8221;#000000&#8243; column_shadow=&#8221;none&#8221; column_border_radius=&#8221;none&#8221; column_link_target=&#8221;_self&#8221; gradient_direction=&#8221;left_to_right&#8221; overlay_strength=&#8221;0.3&#8243; width=&#8221;2\/3&#8243; tablet_width_inherit=&#8221;default&#8221; tablet_text_alignment=&#8221;default&#8221; phone_text_alignment=&#8221;default&#8221; bg_image_animation=&#8221;none&#8221; border_type=&#8221;simple&#8221; column_border_width=&#8221;none&#8221; column_border_style=&#8221;solid&#8221;][toggles style=&#8221;minimal_small&#8221;][toggle color=&#8221;Extra-Color-2&#8243; title=&#8221;Programa de atenci\u00f3n integral e fisioterapia para persoas con fibrose qu\u00edstica&#8221;][vc_column_text]\n<ul>\n<li>Convocatoria: Subvenci\u00f3n a entidades sen \u00e1nimo de lucro para a actuaci\u00f3n no \u00e1mbito dos servicios sociais, sociosanitarios e da xuventude no ano 2024.<\/li>\n<li>Objeto: Contrataci\u00f3n dunha traballadora social para a delegaci\u00f3n de Vigo, servicio de psicolox\u00eda e servicio de fisioterapia respiratoria en cl\u00ednicas.<\/li>\n<li>Fecha de inicio: 01\/01\/2024<\/li>\n<li>Duraci\u00f3n: 12 meses<\/li>\n<li>Importe: 4.745,43\u20ac<\/li>\n<\/ul>\n<p><img loading=\"lazy\" decoding=\"async\" class=\"alignnone wp-image-40437 size-full\" src=\"https:\/\/www.fqgalicia.org\/wp-content\/uploads\/2025\/01\/PUBLICIDAD-2024-1-13-1-6_page-0001.jpg\" alt=\"\" width=\"2000\" height=\"1125\" srcset=\"https:\/\/www.fqgalicia.org\/wp-content\/uploads\/2025\/01\/PUBLICIDAD-2024-1-13-1-6_page-0001.jpg 2000w, https:\/\/www.fqgalicia.org\/wp-content\/uploads\/2025\/01\/PUBLICIDAD-2024-1-13-1-6_page-0001-600x338.jpg 600w, https:\/\/www.fqgalicia.org\/wp-content\/uploads\/2025\/01\/PUBLICIDAD-2024-1-13-1-6_page-0001-300x169.jpg 300w, https:\/\/www.fqgalicia.org\/wp-content\/uploads\/2025\/01\/PUBLICIDAD-2024-1-13-1-6_page-0001-1024x576.jpg 1024w, https:\/\/www.fqgalicia.org\/wp-content\/uploads\/2025\/01\/PUBLICIDAD-2024-1-13-1-6_page-0001-768x432.jpg 768w, https:\/\/www.fqgalicia.org\/wp-content\/uploads\/2025\/01\/PUBLICIDAD-2024-1-13-1-6_page-0001-1536x864.jpg 1536w\" sizes=\"auto, (max-width: 2000px) 100vw, 2000px\" \/>[\/vc_column_text][\/toggle][toggle color=&#8221;Extra-Color-2&#8243; title=&#8221;Programa de Cooperaci\u00f3n Xunta de Galicia&#8221;][vc_column_text]\n<ul>\n<li>Convocatoria: Programa de sensibilizaci\u00f3n, visibilizaci\u00f3n e comunicaci\u00f3n da Asociaci\u00f3n Galega de Fibrose Qu\u00edstica.<\/li>\n<li>Objeto: Contrataci\u00f3n t\u00e9cnico en publicidad y marketing.<\/li>\n<li>Fecha de inicio:02\/12\/2024<\/li>\n<li>Duraci\u00f3n: 12 meses<\/li>\n<li>Importe de la subvenci\u00f3n: 22.050,00\u20ac<\/li>\n<\/ul>\n<p><img loading=\"lazy\" decoding=\"async\" class=\"alignnone wp-image-40440 \" src=\"https:\/\/www.fqgalicia.org\/wp-content\/uploads\/2025\/01\/imagen-web.jpg\" alt=\"\" width=\"763\" height=\"429\" srcset=\"https:\/\/www.fqgalicia.org\/wp-content\/uploads\/2025\/01\/imagen-web.jpg 1707w, https:\/\/www.fqgalicia.org\/wp-content\/uploads\/2025\/01\/imagen-web-600x337.jpg 600w, https:\/\/www.fqgalicia.org\/wp-content\/uploads\/2025\/01\/imagen-web-300x169.jpg 300w, https:\/\/www.fqgalicia.org\/wp-content\/uploads\/2025\/01\/imagen-web-1024x576.jpg 1024w, https:\/\/www.fqgalicia.org\/wp-content\/uploads\/2025\/01\/imagen-web-768x432.jpg 768w, https:\/\/www.fqgalicia.org\/wp-content\/uploads\/2025\/01\/imagen-web-1536x864.jpg 1536w\" sizes=\"auto, (max-width: 763px) 100vw, 763px\" \/>[\/vc_column_text][\/toggle][toggle color=&#8221;Extra-Color-2&#8243; title=&#8221;Programa de voluntariado para persoas con fibrosis qu\u00edstica&#8221;][vc_column_text]\n<ul>\n<li>Convocatoria: Subvenci\u00f3n a entidades de acci\u00f3n voluntaria de car\u00e1cter privado para o fomento e a realizaci\u00f3n de actividades de voluntariado.<\/li>\n<li>Obxecto: desprazamentos de persoas voluntarias, material de actividades, Epis, Plataforma zoom.<\/li>\n<li>Data de inicio:01\/01\/2024<\/li>\n<li>Importe da subvenci\u00f3n: 1.263,58\u20ac<\/li>\n<\/ul>\n<p><img loading=\"lazy\" decoding=\"async\" class=\"alignnone wp-image-40219\" src=\"https:\/\/www.fqgalicia.org\/wp-content\/uploads\/2024\/11\/voluntariado-1.png\" alt=\"\" width=\"459\" height=\"258\" srcset=\"https:\/\/www.fqgalicia.org\/wp-content\/uploads\/2024\/11\/voluntariado-1.png 640w, https:\/\/www.fqgalicia.org\/wp-content\/uploads\/2024\/11\/voluntariado-1-600x338.png 600w, https:\/\/www.fqgalicia.org\/wp-content\/uploads\/2024\/11\/voluntariado-1-300x169.png 300w\" sizes=\"auto, (max-width: 459px) 100vw, 459px\" \/>[\/vc_column_text][\/toggle][toggle color=&#8221;Extra-Color-2&#8243; title=&#8221;Programa de atenci\u00f3n integral en persoas con Fibrose Qu\u00edstica de Ourense&#8221;][vc_column_text]\n<ul>\n<li>Convocatoria: Concurso p\u00fablico para a concesi\u00f3n de subvenci\u00f3ns para proxectos de entides sen \u00e1nimo de lucro para a atenci\u00f3n a persoas con enfermidades cr\u00f3nicas, persoas con discapacidades ou familiares 2024 .<\/li>\n<li>Obxecto: atenci\u00f3n a\u00a0 persoas con fibrose qu\u00edstica de Ourense nas \u00e1reas de traballo social, psicolox\u00eda e fisioterapia<\/li>\n<li>Data de inicio do servizo: 01\/01\/2024<\/li>\n<li>Importe da subvenci\u00f3n concedida: 5.500\u20ac<\/li>\n<\/ul>\n<p><img loading=\"lazy\" decoding=\"async\" class=\"alignnone wp-image-40169\" src=\"https:\/\/www.fqgalicia.org\/wp-content\/uploads\/2024\/07\/CARTEL-DEPUTACION-OU.png\" alt=\"\" width=\"463\" height=\"257\" srcset=\"https:\/\/www.fqgalicia.org\/wp-content\/uploads\/2024\/07\/CARTEL-DEPUTACION-OU.png 786w, https:\/\/www.fqgalicia.org\/wp-content\/uploads\/2024\/07\/CARTEL-DEPUTACION-OU-600x333.png 600w, https:\/\/www.fqgalicia.org\/wp-content\/uploads\/2024\/07\/CARTEL-DEPUTACION-OU-300x166.png 300w, https:\/\/www.fqgalicia.org\/wp-content\/uploads\/2024\/07\/CARTEL-DEPUTACION-OU-768x426.png 768w\" sizes=\"auto, (max-width: 463px) 100vw, 463px\" \/>[\/vc_column_text][\/toggle][toggle color=&#8221;Extra-Color-2&#8243; title=&#8221;Programa de aerosolterapia, fisioterapia e atenci\u00f3n integral para persoas con fibrose qu\u00edstica&#8221;][vc_column_text]\n<ul>\n<li>Convocatoria: Proxecto financiado pola Xunta de Galicia a trav\u00e9s dos fondos do 0,7% do IRPF.<\/li>\n<li>Obxecto: Contrataci\u00f3n durante 9 meses dun fisioterapeuta respiratorio a domicilio, zona Pontevedra,\u00a0 e Contrataci\u00f3n durante 5 meses dunha traballadora social para a delegaci\u00f3n de Vigo.<\/li>\n<li>Data de inicio do servizo: 01\/04\/2024<\/li>\n<li>Duraci\u00f3n: 9 meses<\/li>\n<li>Importe da subvenci\u00f3n concedida: 12.000,00\u20ac<\/li>\n<\/ul>\n<p><img loading=\"lazy\" decoding=\"async\" class=\"alignnone wp-image-40044\" src=\"https:\/\/www.fqgalicia.org\/wp-content\/uploads\/2024\/05\/Prog.-Atencion-Especializada_horizontal-2023_page-0001.jpg\" alt=\"\" width=\"502\" height=\"355\" srcset=\"https:\/\/www.fqgalicia.org\/wp-content\/uploads\/2024\/05\/Prog.-Atencion-Especializada_horizontal-2023_page-0001.jpg 1755w, https:\/\/www.fqgalicia.org\/wp-content\/uploads\/2024\/05\/Prog.-Atencion-Especializada_horizontal-2023_page-0001-600x424.jpg 600w, https:\/\/www.fqgalicia.org\/wp-content\/uploads\/2024\/05\/Prog.-Atencion-Especializada_horizontal-2023_page-0001-300x212.jpg 300w, https:\/\/www.fqgalicia.org\/wp-content\/uploads\/2024\/05\/Prog.-Atencion-Especializada_horizontal-2023_page-0001-1024x724.jpg 1024w, https:\/\/www.fqgalicia.org\/wp-content\/uploads\/2024\/05\/Prog.-Atencion-Especializada_horizontal-2023_page-0001-768x543.jpg 768w, https:\/\/www.fqgalicia.org\/wp-content\/uploads\/2024\/05\/Prog.-Atencion-Especializada_horizontal-2023_page-0001-1536x1086.jpg 1536w\" sizes=\"auto, (max-width: 502px) 100vw, 502px\" \/>[\/vc_column_text][\/toggle][toggle color=&#8221;Extra-Color-2&#8243; title=&#8221;Programa de fisioterapia respiratoria a domicilio e exercicio f\u00edsico dirixido&#8221;][vc_column_text]\n<ul>\n<li>Convocatoria: Convocatoria Fundaci\u00f3n Inocente, Inocente 2024 de axudas para proxectos destinados a nenos e nenas con enfermidades raras.<\/li>\n<li>Obxecto: Contrataci\u00f3n fisioterapeuta para sesi\u00f3ns de fisioterapia respiratoria a domicilio e de exercicio f\u00edsico dirixido<\/li>\n<li>Data de inicio do servizo: 13\/05\/2024<\/li>\n<li>Duraci\u00f3n: 12 meses<\/li>\n<li>Importe da subvenci\u00f3n concedida: 10.000,00\u20ac<\/li>\n<\/ul>\n<p><img loading=\"lazy\" decoding=\"async\" class=\"alignnone wp-image-40046\" src=\"https:\/\/www.fqgalicia.org\/wp-content\/uploads\/2024\/05\/Publicidad-web-inocente.png\" alt=\"\" width=\"512\" height=\"288\" srcset=\"https:\/\/www.fqgalicia.org\/wp-content\/uploads\/2024\/05\/Publicidad-web-inocente.png 1467w, https:\/\/www.fqgalicia.org\/wp-content\/uploads\/2024\/05\/Publicidad-web-inocente-600x338.png 600w, https:\/\/www.fqgalicia.org\/wp-content\/uploads\/2024\/05\/Publicidad-web-inocente-300x169.png 300w, https:\/\/www.fqgalicia.org\/wp-content\/uploads\/2024\/05\/Publicidad-web-inocente-1024x577.png 1024w, https:\/\/www.fqgalicia.org\/wp-content\/uploads\/2024\/05\/Publicidad-web-inocente-768x432.png 768w\" sizes=\"auto, (max-width: 512px) 100vw, 512px\" \/>[\/vc_column_text][\/toggle][toggle color=&#8221;Extra-Color-2&#8243; title=&#8221;Programa de fisioterapia respiratoria e atenci\u00f3n da Fibrose Qu\u00edstica&#8221;][vc_column_text]\n<ul>\n<li>Convocatoria: Convenio de colaboraci\u00f3n entre a Conceller\u00eda de Pol\u00edtica Social e Xuventude e COGAMI para o desenvolvemento dun programa integral de actuaci\u00f3ns para a promoci\u00f3n da autonom\u00eda persoal e a inclusi\u00f3n social das persoas con discapacidade.<\/li>\n<li>Obxecto: Contrataci\u00f3n de persoal; un\/a Fisioterapeuta e un\/a Traballador\/a Social.<\/li>\n<li>Data de inicio do servizo: 01\/02\/2024<\/li>\n<li>Duraci\u00f3n: 4 meses<\/li>\n<li>Importe da subvenci\u00f3n concedida: 13.000\u20ac<\/li>\n<\/ul>\n[\/vc_column_text][\/toggle][toggle color=&#8221;Extra-Color-2&#8243; title=&#8221;Programa de fisioterapia respiratoria a domicilio na Coru\u00f1a&#8221;][vc_column_text]\n<ul>\n<li>Convocatoria: FOCVAA- Convocatoria do programa de subvenci\u00f3ns a entidades sen \u00e1nimo de lucro para o mantemento de programas sociosanitarios durante o ano 2024.<\/li>\n<li>Obxecto: Contrataci\u00f3n dunha fisioterapeuta para a zona da Coru\u00f1a e outros gastos.<\/li>\n<li>Data de inicio do servizo: 01\/01\/2024<\/li>\n<li>Duraci\u00f3n: 12 meses.<\/li>\n<li>Importe da subvenci\u00f3n concedida: 5.625,00 \u20ac<\/li>\n<\/ul>\n<p><img loading=\"lazy\" decoding=\"async\" class=\"alignnone wp-image-40055\" src=\"https:\/\/www.fqgalicia.org\/wp-content\/uploads\/2024\/05\/DEPUT-CORUNA-CARTEL.png\" alt=\"\" width=\"592\" height=\"328\" srcset=\"https:\/\/www.fqgalicia.org\/wp-content\/uploads\/2024\/05\/DEPUT-CORUNA-CARTEL.png 1457w, https:\/\/www.fqgalicia.org\/wp-content\/uploads\/2024\/05\/DEPUT-CORUNA-CARTEL-600x333.png 600w, https:\/\/www.fqgalicia.org\/wp-content\/uploads\/2024\/05\/DEPUT-CORUNA-CARTEL-300x167.png 300w, https:\/\/www.fqgalicia.org\/wp-content\/uploads\/2024\/05\/DEPUT-CORUNA-CARTEL-1024x569.png 1024w, https:\/\/www.fqgalicia.org\/wp-content\/uploads\/2024\/05\/DEPUT-CORUNA-CARTEL-768x426.png 768w\" sizes=\"auto, (max-width: 592px) 100vw, 592px\" \/>[\/vc_column_text][\/toggle][toggle color=&#8221;Extra-Color-2&#8243; title=&#8221;Programa de atenci\u00f3n integral para persoas con fibroses qu\u00edstica&#8221;][vc_column_text]\n<ul>\n<li>Plan de prioridades da once: Supresi\u00f3n de barreas psicosociais.<\/li>\n<li>Obxecto: Contrataci\u00f3n dunha traballadora social para a zona de Vigo. Informaci\u00f3n, asesoramento, xesti\u00f3n de recursos, xesti\u00f3n de proxectos, acollida de novos socios e avaliaci\u00f3n de resultados.<\/li>\n<li>Data de inicio: 01.01.2024<\/li>\n<li>Concedido: 8.000,00\u20ac<\/li>\n<\/ul>\n<p><img loading=\"lazy\" decoding=\"async\" class=\"alignnone wp-image-40058\" src=\"https:\/\/www.fqgalicia.org\/wp-content\/uploads\/2024\/05\/FUNDACION-ONCE-CARTEL.png\" alt=\"\" width=\"603\" height=\"338\" srcset=\"https:\/\/www.fqgalicia.org\/wp-content\/uploads\/2024\/05\/FUNDACION-ONCE-CARTEL.png 1468w, https:\/\/www.fqgalicia.org\/wp-content\/uploads\/2024\/05\/FUNDACION-ONCE-CARTEL-600x336.png 600w, https:\/\/www.fqgalicia.org\/wp-content\/uploads\/2024\/05\/FUNDACION-ONCE-CARTEL-300x168.png 300w, https:\/\/www.fqgalicia.org\/wp-content\/uploads\/2024\/05\/FUNDACION-ONCE-CARTEL-1024x574.png 1024w, https:\/\/www.fqgalicia.org\/wp-content\/uploads\/2024\/05\/FUNDACION-ONCE-CARTEL-768x431.png 768w\" sizes=\"auto, (max-width: 603px) 100vw, 603px\" \/>[\/vc_column_text][\/toggle][toggle color=&#8221;Extra-Color-2&#8243; title=&#8221;Programa de fisioterapia respiratoria a domicilio para persoas con Fibrose Qu\u00edstica&#8221;][vc_column_text]\n<ul>\n<li>Convocatoria: SA803A \u2013 Subvenci\u00f3ns en r\u00e9xime de concorrencia competitiva \u00e1s entidades privadas sen fins de lucro para realizar programas de car\u00e1cter sociosanitario.<\/li>\n<li>Obxecto: Servizo de fisioterapia respiratoria a domicilio<\/li>\n<li>Data de inicio do servizo: 01\/01\/2024<\/li>\n<li>Duraci\u00f3n: 10 meses<\/li>\n<li>Importe concedido: 8.700\u20ac<\/li>\n<\/ul>\n<p><img loading=\"lazy\" decoding=\"async\" class=\"alignnone wp-image-39272\" src=\"https:\/\/www.fqgalicia.org\/wp-content\/uploads\/2023\/05\/Cartel-conselleria-23-300x224.png\" alt=\"\" width=\"346\" height=\"258\" srcset=\"https:\/\/www.fqgalicia.org\/wp-content\/uploads\/2023\/05\/Cartel-conselleria-23-300x224.png 300w, https:\/\/www.fqgalicia.org\/wp-content\/uploads\/2023\/05\/Cartel-conselleria-23-600x448.png 600w, https:\/\/www.fqgalicia.org\/wp-content\/uploads\/2023\/05\/Cartel-conselleria-23-1024x765.png 1024w, https:\/\/www.fqgalicia.org\/wp-content\/uploads\/2023\/05\/Cartel-conselleria-23-768x573.png 768w, https:\/\/www.fqgalicia.org\/wp-content\/uploads\/2023\/05\/Cartel-conselleria-23.png 1038w\" sizes=\"auto, (max-width: 346px) 100vw, 346px\" \/>[\/vc_column_text][\/toggle][toggle color=&#8221;Extra-Color-2&#8243; title=&#8221;Programa de informaci\u00f3n e psicolox\u00eda para persoas con fibrose qu\u00edstica de O Rosal&#8221;][vc_column_text]\n<div class=\"col_a\">\n<div class=\"textbox\">\n<div class=\"options\">\n<ul>\n<li id=\"count\" class=\"count\">Convocatoria: Subvenci\u00f3ns a entidades sen \u00e1nimo de lucro para a realizaci\u00f3n de actividades sociais no concello do O Rosal.<\/li>\n<li class=\"count\">Obxecto: Servizo traballo social e psicolox\u00eda<\/li>\n<li class=\"count\">Data de inicio: 01\/01\/2024.<\/li>\n<li class=\"count\">Importe concedido: 625\u20ac<\/li>\n<li>Duraci\u00f3n: 12 meses<\/li>\n<\/ul>\n<\/div>\n<\/div>\n<\/div>\n<p><img loading=\"lazy\" decoding=\"async\" class=\"alignnone wp-image-40455 size-full\" src=\"https:\/\/www.fqgalicia.org\/wp-content\/uploads\/2025\/01\/o-rosal.png\" alt=\"\" width=\"568\" height=\"512\" srcset=\"https:\/\/www.fqgalicia.org\/wp-content\/uploads\/2025\/01\/o-rosal.png 568w, https:\/\/www.fqgalicia.org\/wp-content\/uploads\/2025\/01\/o-rosal-300x270.png 300w\" sizes=\"auto, (max-width: 568px) 100vw, 568px\" \/>[\/vc_column_text][\/toggle][toggle color=&#8221;Extra-Color-2&#8243; title=&#8221;Programa de informaci\u00f3n, difusi\u00f3n e asesoramento a persoas con fibroses qu\u00edstica e familiares&#8221;][vc_column_text]\n<div class=\"col_a\">\n<div class=\"textbox\">\n<div class=\"options\">\n<ul>\n<li id=\"count\" class=\"count\">Convocatoria: Subvenci\u00f3n destinada a entidades de iniciativa social sen \u00e1nimo de lucro destinadas a actividades ou proxectos de interese social\u00a0 no Concello da Coru\u00f1a para o exercicio 2024.<\/li>\n<li class=\"count\">Obxecto: Importe concedido dedicado contrataci\u00f3n traballadora social<\/li>\n<li class=\"count\">Data de inicio: 01.01.2024.<\/li>\n<li class=\"count\">Importe concedido: 1.003,00 \u20ac<\/li>\n<\/ul>\n<\/div>\n<\/div>\n<\/div>\n<p><img loading=\"lazy\" decoding=\"async\" class=\"alignnone wp-image-40227\" src=\"https:\/\/www.fqgalicia.org\/wp-content\/uploads\/2024\/11\/Publicidad.png\" alt=\"\" width=\"376\" height=\"213\" srcset=\"https:\/\/www.fqgalicia.org\/wp-content\/uploads\/2024\/11\/Publicidad.png 1332w, https:\/\/www.fqgalicia.org\/wp-content\/uploads\/2024\/11\/Publicidad-600x340.png 600w, https:\/\/www.fqgalicia.org\/wp-content\/uploads\/2024\/11\/Publicidad-300x170.png 300w, https:\/\/www.fqgalicia.org\/wp-content\/uploads\/2024\/11\/Publicidad-1024x580.png 1024w, https:\/\/www.fqgalicia.org\/wp-content\/uploads\/2024\/11\/Publicidad-768x435.png 768w\" sizes=\"auto, (max-width: 376px) 100vw, 376px\" \/>[\/vc_column_text][\/toggle][toggle color=&#8221;Extra-Color-2&#8243; title=&#8221;Programa de mantemento da Asociaci\u00f3n Galega de Fibrose Qu\u00edstica&#8221;][vc_column_text]\n<div class=\"col_a\">\n<div class=\"textbox\">\n<div class=\"options\">\n<ul>\n<li id=\"count\" class=\"count\">Convocatoria: Subvenci\u00f3n destinada a actividades de interese social en materia de igualdade e diversidade do Excelent\u00edsimo Concello da Coru\u00f1a para o exercicio 2025.<\/li>\n<li class=\"count\">Obxecto: Importe concedido dedicado para gastos de mantemento de oficina, correos, material oficina, tel\u00e9fono, material actividades, carteis, protecci\u00f3n de datos.<\/li>\n<li class=\"count\">Data de inicio: 01.01.2025<\/li>\n<li class=\"count\">Importe da subvenci\u00f3n:\u00a0 1.940,40\u20ac<\/li>\n<li class=\"count\">Duraci\u00f3n: 12 meses<\/li>\n<\/ul>\n<p><img loading=\"lazy\" decoding=\"async\" class=\"wp-image-41158 aligncenter\" src=\"https:\/\/www.fqgalicia.org\/wp-content\/uploads\/2026\/02\/Captura-300x170.png\" alt=\"\" width=\"424\" height=\"240\" srcset=\"https:\/\/www.fqgalicia.org\/wp-content\/uploads\/2026\/02\/Captura-300x170.png 300w, https:\/\/www.fqgalicia.org\/wp-content\/uploads\/2026\/02\/Captura-1024x579.png 1024w, https:\/\/www.fqgalicia.org\/wp-content\/uploads\/2026\/02\/Captura-768x434.png 768w, https:\/\/www.fqgalicia.org\/wp-content\/uploads\/2026\/02\/Captura-600x339.png 600w, https:\/\/www.fqgalicia.org\/wp-content\/uploads\/2026\/02\/Captura.png 1475w\" sizes=\"auto, (max-width: 424px) 100vw, 424px\" \/><\/p>\n<\/div>\n<\/div>\n<\/div>\n[\/vc_column_text][\/toggle][\/toggles][\/vc_column][vc_column column_padding=&#8221;padding-3-percent&#8221; column_padding_tablet=&#8221;inherit&#8221; column_padding_phone=&#8221;inherit&#8221; column_padding_position=&#8221;left&#8221; column_element_spacing=&#8221;default&#8221; background_color_opacity=&#8221;1&#8243; background_hover_color_opacity=&#8221;1&#8243; column_shadow=&#8221;none&#8221; column_border_radius=&#8221;none&#8221; column_link_target=&#8221;_self&#8221; gradient_direction=&#8221;left_to_right&#8221; overlay_strength=&#8221;0.3&#8243; width=&#8221;1\/3&#8243; tablet_width_inherit=&#8221;default&#8221; tablet_text_alignment=&#8221;default&#8221; phone_text_alignment=&#8221;default&#8221; bg_image_animation=&#8221;none&#8221; border_type=&#8221;simple&#8221; column_border_width=&#8221;none&#8221; column_border_style=&#8221;solid&#8221;][vc_row_inner column_margin=&#8221;default&#8221; column_direction=&#8221;default&#8221; column_direction_tablet=&#8221;default&#8221; column_direction_phone=&#8221;default&#8221; left_padding_desktop=&#8221;0&#8243; text_align=&#8221;left&#8221;][vc_column_inner column_padding=&#8221;no-extra-padding&#8221; column_padding_tablet=&#8221;inherit&#8221; column_padding_phone=&#8221;inherit&#8221; column_padding_position=&#8221;all&#8221; column_element_spacing=&#8221;default&#8221; background_color_opacity=&#8221;1&#8243; background_hover_color_opacity=&#8221;1&#8243; column_shadow=&#8221;none&#8221; column_border_radius=&#8221;none&#8221; column_link_target=&#8221;_self&#8221; gradient_direction=&#8221;left_to_right&#8221; overlay_strength=&#8221;0.3&#8243; width=&#8221;1\/1&#8243; tablet_width_inherit=&#8221;default&#8221; bg_image_animation=&#8221;none&#8221; border_type=&#8221;simple&#8221; column_border_width=&#8221;none&#8221; column_border_style=&#8221;solid&#8221;][nectar_highlighted_text color_type=&#8221;regular&#8221; highlight_color=&#8221;#e26536&#8243; style=&#8221;half_text&#8221;]\n<h2 style=\"text-align: center;\"><em>2024<\/em><\/h2>\n[\/nectar_highlighted_text][image_with_animation image_url=&#8221;3019&#8243; animation=&#8221;Fade In&#8221; hover_animation=&#8221;none&#8221; alignment=&#8221;center&#8221; border_radius=&#8221;none&#8221; box_shadow=&#8221;none&#8221; image_loading=&#8221;default&#8221; max_width=&#8221;100%&#8221; max_width_mobile=&#8221;default&#8221; margin_top=&#8221;15%&#8221;][\/vc_column_inner][\/vc_row_inner][\/vc_column][\/vc_row][vc_row type=&#8221;in_container&#8221; full_screen_row_position=&#8221;middle&#8221; column_margin=&#8221;default&#8221; column_direction=&#8221;default&#8221; column_direction_tablet=&#8221;column_reverse&#8221; column_direction_phone=&#8221;column_reverse&#8221; scene_position=&#8221;center&#8221; top_padding=&#8221;18%&#8221; bottom_padding=&#8221;4%&#8221; left_padding_desktop=&#8221;5%&#8221; constrain_group_2=&#8221;yes&#8221; right_padding_desktop=&#8221;5%&#8221; text_color=&#8221;dark&#8221; text_align=&#8221;left&#8221; row_border_radius=&#8221;none&#8221; row_border_radius_applies=&#8221;bg&#8221; id=&#8221;objetivos&#8221; overlay_strength=&#8221;0.3&#8243; gradient_direction=&#8221;left_to_right&#8221; enable_shape_divider=&#8221;true&#8221; shape_divider_color=&#8221;#94bfb7&#8243; shape_divider_position=&#8221;top&#8221; shape_divider_height=&#8221;32%&#8221; bg_image_animation=&#8221;none&#8221; shape_type=&#8221;waves&#8221;][vc_column column_padding=&#8221;no-extra-padding&#8221; column_padding_tablet=&#8221;inherit&#8221; column_padding_phone=&#8221;inherit&#8221; column_padding_position=&#8221;all&#8221; column_element_spacing=&#8221;default&#8221; background_color_opacity=&#8221;1&#8243; background_hover_color_opacity=&#8221;1&#8243; font_color=&#8221;#000000&#8243; column_shadow=&#8221;none&#8221; column_border_radius=&#8221;none&#8221; column_link_target=&#8221;_self&#8221; gradient_direction=&#8221;left_to_right&#8221; overlay_strength=&#8221;0.3&#8243; width=&#8221;2\/3&#8243; tablet_width_inherit=&#8221;default&#8221; tablet_text_alignment=&#8221;default&#8221; phone_text_alignment=&#8221;default&#8221; bg_image_animation=&#8221;none&#8221; border_type=&#8221;simple&#8221; column_border_width=&#8221;none&#8221; column_border_style=&#8221;solid&#8221;][toggles style=&#8221;minimal_small&#8221;][toggle color=&#8221;Extra-Color-2&#8243; title=&#8221;Programas de atenci\u00f3n e informaci\u00f3n a persoas con fibrose qu\u00edstica e familiares 2023-2024&#8243;][vc_column_text]\n<ul>\n<li style=\"list-style-type: none;\">\n<ul>\n<li>Convocatoria:<strong> Subvenci\u00f3n para a contrataci\u00f3n de traballadores desempregados polas entidades sen \u00e1nimo de lucro (Programa de Cooperaci\u00f3n Xunta de Galicia).\u00a0<\/strong><\/li>\n<li>Obxecto: Contrataci\u00f3n de un\/unha traballador\/a social para dar servizo de informaci\u00f3n, asesoramento e xesti\u00f3n da entidade na delegaci\u00f3n de Vigo<\/li>\n<li>Data de inicio do servizo: 01\/12\/2023<\/li>\n<li>Duraci\u00f3n: 9 meses<\/li>\n<\/ul>\n<div>\n<p><strong><u>OBXECTIVOS XERAIS:<\/u><\/strong><\/p>\n<ul>\n<li>Mellora a calidade de vida das persoas con Fibrose Qu\u00edstica.<\/li>\n<\/ul>\n<p><strong><u>OBXECTIVOS ESPEC\u00cdFICOS:<\/u><\/strong><\/p>\n<ul>\n<li>Informar sobre a enfermidade a pais recentemente diagnosticados que se atopen con diversas dudas que non son resoltas por parte do persoal m\u00e9dico.<\/li>\n<li>Informar, asesorar e orientar sobre os recursos sociais, sanitarios, econ\u00f3micos e servizos propios do colectivo.<\/li>\n<li>Planificar e organizar actividades de visibilidade e dinamizaci\u00f3n da asociaci\u00f3n galega de Fibrose Qu\u00edstica.<\/li>\n<li>Sensibilizar, concienciar e informar sobre aspectos da enfermidade a trav\u00e9s de actividades.<\/li>\n<li>Participar na xesti\u00f3n, formulaci\u00f3n, execuci\u00f3n e evaluaci\u00f3n de planes, programas, proxectos sociais dirixidos a mellorar as condici\u00f3ns de vida das persoas con fibrose Qu\u00edstica.<\/li>\n<\/ul>\n<div class=\"default-style\">\n<p><img loading=\"lazy\" decoding=\"async\" class=\"alignnone wp-image-39890\" src=\"https:\/\/www.fqgalicia.org\/wp-content\/uploads\/2023\/12\/cartel-coopera-2024.png\" alt=\"\" width=\"507\" height=\"297\" srcset=\"https:\/\/www.fqgalicia.org\/wp-content\/uploads\/2023\/12\/cartel-coopera-2024.png 983w, https:\/\/www.fqgalicia.org\/wp-content\/uploads\/2023\/12\/cartel-coopera-2024-600x351.png 600w, https:\/\/www.fqgalicia.org\/wp-content\/uploads\/2023\/12\/cartel-coopera-2024-300x175.png 300w, https:\/\/www.fqgalicia.org\/wp-content\/uploads\/2023\/12\/cartel-coopera-2024-768x449.png 768w\" sizes=\"auto, (max-width: 507px) 100vw, 507px\" \/><\/p>\n<\/div>\n<\/div>\n<\/li>\n<\/ul>\n[\/vc_column_text][\/toggle][toggle color=&#8221;Extra-Color-2&#8243; title=&#8221;Programas de atenci\u00f3n a persoas con fibrose qu\u00edstica e familiares e xesti\u00f3n da entidade 2022-2023&#8243;][vc_column_text]\n<ul>\n<li style=\"list-style-type: none;\">\n<ul>\n<li>Convocatoria:<strong> Subvenci\u00f3n para a contrataci\u00f3n de traballadores desempregados polas entidades sen \u00e1nimo de lucro.\u00a0<\/strong><\/li>\n<li>Obxecto: Contrataci\u00f3n de un\/unha traballador\/a social para dar servizo de informaci\u00f3n, asesoramento e xesti\u00f3n da entidade e unha fisioterapeuta para a zona de A Coru\u00f1a<\/li>\n<li>Data de inicio do servizo: 30\/11\/2022<\/li>\n<li>Duraci\u00f3n: 12 meses<\/li>\n<\/ul>\n<div>\n<p><strong><u>OBXECTIVOS XERAIS:<\/u><\/strong><\/p>\n<ul>\n<li>Mellora a calidade de vida das persoas con Fibrose Qu\u00edstica.<\/li>\n<\/ul>\n<p><strong><u>OBXECTIVOS ESPEC\u00cdFICOS:<\/u><\/strong><\/p>\n<ul>\n<li>Informar sobre a enfermidade a pais recentemente diagnosticados que se atopen con diversas dudas que non son resoltas por parte do persoal m\u00e9dico.<\/li>\n<li>Informar, asesorar e orientar sobre os recursos sociais, sanitarios, econ\u00f3micos e servizos propios do colectivo.<\/li>\n<li>Planificar e organizar actividades de visibilidade e dinamizaci\u00f3n da asociaci\u00f3n galega de Fibrose Qu\u00edstica.<\/li>\n<li>Sensibilizar, concienciar e informar sobre aspectos da enfermidade a trav\u00e9s de actividades.<\/li>\n<li>Participar na xesti\u00f3n, formulaci\u00f3n, execuci\u00f3n e evaluaci\u00f3n de planes, programas, proxectos sociais dirixidos a mellorar as condici\u00f3ns de vida das persoas con fibrose Qu\u00edstica.<\/li>\n<\/ul>\n<p><strong><u>RESULTADOS ESPERADOS:<\/u><\/strong><\/p>\n<div class=\"default-style\">\n<ul>\n<li>Obter un 90% de casos resoltos por parte das persoas usuarias atendidas.<\/li>\n<li>Obter un 90% de grao de satisfacci\u00f3n na atenci\u00f3n que se preste.<\/li>\n<li>Realizaci\u00f3n, planificaci\u00f3n e organizaci\u00f3n de a lo menos 8 actividades de visibilidad e dinamizaci\u00f3n por parte da asociaci\u00f3n galega de Fibrose Quist\u00edca.<\/li>\n<li>Realizaci\u00f3n da xesti\u00f3n, formulaci\u00f3n, execuci\u00f3n e evaluaci\u00f3n de planes, programas proxectos sociais que aparezan durante a duraci\u00f3n do programa.<\/li>\n<\/ul>\n<p><img loading=\"lazy\" decoding=\"async\" class=\"alignnone wp-image-39278\" src=\"https:\/\/www.fqgalicia.org\/wp-content\/uploads\/2023\/05\/Cartel-coopera-23-300x163.png\" alt=\"\" width=\"409\" height=\"222\" srcset=\"https:\/\/www.fqgalicia.org\/wp-content\/uploads\/2023\/05\/Cartel-coopera-23-300x163.png 300w, https:\/\/www.fqgalicia.org\/wp-content\/uploads\/2023\/05\/Cartel-coopera-23-600x326.png 600w, https:\/\/www.fqgalicia.org\/wp-content\/uploads\/2023\/05\/Cartel-coopera-23-768x417.png 768w, https:\/\/www.fqgalicia.org\/wp-content\/uploads\/2023\/05\/Cartel-coopera-23.png 774w\" sizes=\"auto, (max-width: 409px) 100vw, 409px\" \/><\/p>\n<\/div>\n<\/div>\n<\/li>\n<\/ul>\n[\/vc_column_text][\/toggle][toggle color=&#8221;Extra-Color-2&#8243; title=&#8221;Programa de aerosolterapia, fisioterapia e atenci\u00f3n integral para persoas con fibrose qu\u00edstica&#8221;][vc_column_text]\n<ul>\n<li>Convocatoria: Proxecto financiado pola Xunta de Galicia a trav\u00e9s dos fondos do 0,7% do IRPF.<\/li>\n<li>Obxecto: Contrataci\u00f3n durante 9 meses dunha fisioterapeuta respiratoria a domicilio, zona Pontevedra, e contrataci\u00f3n durante 5 meses dunha traballadora social para a delegaci\u00f3n de Vigo.<\/li>\n<li>Data de inicio do servizo: 01\/01\/2023<\/li>\n<li>Duraci\u00f3n: 9 meses<\/li>\n<li>Importe da subvenci\u00f3n concedida: 15.000,00\u20ac<\/li>\n<\/ul>\n<p><img loading=\"lazy\" decoding=\"async\" class=\"alignnone size-medium wp-image-39275\" src=\"https:\/\/www.fqgalicia.org\/wp-content\/uploads\/2023\/05\/Cartel-IRPF-23-300x209.png\" alt=\"\" width=\"300\" height=\"209\" srcset=\"https:\/\/www.fqgalicia.org\/wp-content\/uploads\/2023\/05\/Cartel-IRPF-23-300x209.png 300w, https:\/\/www.fqgalicia.org\/wp-content\/uploads\/2023\/05\/Cartel-IRPF-23-600x419.png 600w, https:\/\/www.fqgalicia.org\/wp-content\/uploads\/2023\/05\/Cartel-IRPF-23-1024x715.png 1024w, https:\/\/www.fqgalicia.org\/wp-content\/uploads\/2023\/05\/Cartel-IRPF-23-768x536.png 768w, https:\/\/www.fqgalicia.org\/wp-content\/uploads\/2023\/05\/Cartel-IRPF-23.png 1106w\" sizes=\"auto, (max-width: 300px) 100vw, 300px\" \/>[\/vc_column_text][\/toggle][toggle color=&#8221;Extra-Color-2&#8243; title=&#8221;Programa de fisioterapia respiratoria para persoas da \u00e1rea de A Coru\u00f1a&#8221;][vc_column_text]\n<ul>\n<li>Convocatoria: FOCVAA- Convocatoria do programa de subvenci\u00f3ns a entidades sen fins de lucro para o mantemento de programas sociosanitarios durante o ano 2023.<\/li>\n<li>Obxecto: Contrataci\u00f3n dunha fisioterapeuta para a zona de A Coru\u00f1a e outros gastos.<\/li>\n<li>Data de inicio do servizo: 01\/01\/2023<\/li>\n<li>Importe concedido: 3.731,52\u20ac<\/li>\n<\/ul>\n<p><img loading=\"lazy\" decoding=\"async\" class=\"alignnone size-medium wp-image-39270\" src=\"https:\/\/www.fqgalicia.org\/wp-content\/uploads\/2023\/05\/Cartel-depo-coruna-23-300x160.png\" alt=\"\" width=\"300\" height=\"160\" srcset=\"https:\/\/www.fqgalicia.org\/wp-content\/uploads\/2023\/05\/Cartel-depo-coruna-23-300x160.png 300w, https:\/\/www.fqgalicia.org\/wp-content\/uploads\/2023\/05\/Cartel-depo-coruna-23-600x319.png 600w, https:\/\/www.fqgalicia.org\/wp-content\/uploads\/2023\/05\/Cartel-depo-coruna-23-1024x545.png 1024w, https:\/\/www.fqgalicia.org\/wp-content\/uploads\/2023\/05\/Cartel-depo-coruna-23-768x409.png 768w, https:\/\/www.fqgalicia.org\/wp-content\/uploads\/2023\/05\/Cartel-depo-coruna-23.png 1462w\" sizes=\"auto, (max-width: 300px) 100vw, 300px\" \/>[\/vc_column_text][\/toggle][toggle color=&#8221;Extra-Color-2&#8243; title=&#8221;Programa de fisioterapia respiratoria a domicilio para persoas con Fibrose Qu\u00edstica&#8221;][vc_column_text]\n<ul>\n<li>Convocatoria: SA803A \u2013 Subvenci\u00f3ns en r\u00e9xime de concorrencia competitiva \u00e1s entidades privadas sen fins de lucro para realizar programas de car\u00e1cter sociosanitario.<\/li>\n<li>Obxecto: Contrataci\u00f3n de fisioterapeuta e cl\u00ednica en ourense.<\/li>\n<li>Data de inicio do servizo: 01\/01\/2023<\/li>\n<li>Duraci\u00f3n: 12 meses<\/li>\n<li>Importe concedido: 12.000\u20ac<\/li>\n<\/ul>\n<p><img loading=\"lazy\" decoding=\"async\" class=\"alignnone size-medium wp-image-39272\" src=\"https:\/\/www.fqgalicia.org\/wp-content\/uploads\/2023\/05\/Cartel-conselleria-23-300x224.png\" alt=\"\" width=\"300\" height=\"224\" srcset=\"https:\/\/www.fqgalicia.org\/wp-content\/uploads\/2023\/05\/Cartel-conselleria-23-300x224.png 300w, https:\/\/www.fqgalicia.org\/wp-content\/uploads\/2023\/05\/Cartel-conselleria-23-600x448.png 600w, https:\/\/www.fqgalicia.org\/wp-content\/uploads\/2023\/05\/Cartel-conselleria-23-1024x765.png 1024w, https:\/\/www.fqgalicia.org\/wp-content\/uploads\/2023\/05\/Cartel-conselleria-23-768x573.png 768w, https:\/\/www.fqgalicia.org\/wp-content\/uploads\/2023\/05\/Cartel-conselleria-23.png 1038w\" sizes=\"auto, (max-width: 300px) 100vw, 300px\" \/>[\/vc_column_text][\/toggle][toggle color=&#8221;Extra-Color-2&#8243; title=&#8221;Programa integral de actuaci\u00f3ns para a promoci\u00f3n da autonom\u00eda persoal e a inclusi\u00f3n social das persoas con discapacidade, dirixido a persoas con Fibrose Qu\u00edstica&#8221;][vc_column_text]\n<ul>\n<li>Convocatoria: convenio de colaboraci\u00f3n entre a Conceller\u00eda de Pol\u00edtica Social e Xuventude e COGAMI para o desenvolvemento dun programa integral de actuaci\u00f3ns para a promoci\u00f3n da autonom\u00eda persoal e a inclusi\u00f3n social das persoas con discapacidade.<\/li>\n<li>Obxecto: fisioterapia a domicilio na zona de Pontevedra e Ourense.<\/li>\n<li>Data de inicio do servizo: 01\/03\/2023<\/li>\n<li>Duraci\u00f3n: 8 meses<\/li>\n<li>Importe concedido: 15.000\u20ac<\/li>\n<\/ul>\n[\/vc_column_text][\/toggle][toggle color=&#8221;Default&#8221; title=&#8221;Programa de voluntariado para persoas con fibrose qu\u00edstica&#8221;][vc_column_text]\n<ul>\n<li>Convocatoria: Subvenci\u00f3n a entidades de acci\u00f3n voluntaria de car\u00e1cter privado para o fomento e a realizaci\u00f3n de actividades de voluntariado.<\/li>\n<li>Obxecto: desprazamentos de voluntarios, material de actividades, Epis, Plataforma zoom.<\/li>\n<li>Data de inicio:01\/01\/2023<\/li>\n<li>Importe da subvenci\u00f3n: 1.080.00\u20ac<\/li>\n<\/ul>\n<p><img loading=\"lazy\" decoding=\"async\" class=\"size-medium wp-image-39431 aligncenter\" src=\"https:\/\/www.fqgalicia.org\/wp-content\/uploads\/2023\/06\/Cartel-voluntariado-23-300x169.png\" alt=\"\" width=\"300\" height=\"169\" srcset=\"https:\/\/www.fqgalicia.org\/wp-content\/uploads\/2023\/06\/Cartel-voluntariado-23-300x169.png 300w, https:\/\/www.fqgalicia.org\/wp-content\/uploads\/2023\/06\/Cartel-voluntariado-23-600x338.png 600w, https:\/\/www.fqgalicia.org\/wp-content\/uploads\/2023\/06\/Cartel-voluntariado-23-1024x577.png 1024w, https:\/\/www.fqgalicia.org\/wp-content\/uploads\/2023\/06\/Cartel-voluntariado-23-768x433.png 768w, https:\/\/www.fqgalicia.org\/wp-content\/uploads\/2023\/06\/Cartel-voluntariado-23.png 1400w\" sizes=\"auto, (max-width: 300px) 100vw, 300px\" \/>[\/vc_column_text][\/toggle][toggle color=&#8221;Default&#8221; title=&#8221;Programa para a adquisici\u00f3n dun veh\u00edculo que facilite a prestaci\u00f3n de servizos a persoas con Fibrose Qu\u00edstica&#8221;][vc_column_text]\n<ul>\n<li>Convocatoria: Axudas para a concesi\u00f3n de subvenci\u00f3ns destinadas \u00e1 adquisici\u00f3n de veh\u00edculos que faciliten a prestaci\u00f3n de servizos a persoas dependentes ou persoas con discapacidade polas entidades de iniciativa social da Comunidade Aut\u00f3noma de Galicia, ao amaparo do Plan de recuperaci\u00f3n, transformaci\u00f3n e resiliencia finanaciado pola Uni\u00f3n Europea-Next Generation EU.<\/li>\n<li>Obxecto: adquisici\u00f3n dun veh\u00edculo adaptado que facilite a prestaci\u00f3n dos servizos da asociaci\u00f3n \u00e1s persoas con Fibrose Qu\u00edstica.<\/li>\n<li>Importe da subvenci\u00f3n: 35.924,52\u20ac<\/li>\n<\/ul>\n<p><img loading=\"lazy\" decoding=\"async\" class=\"alignnone size-full wp-image-39446\" src=\"https:\/\/www.fqgalicia.org\/wp-content\/uploads\/2023\/06\/Cartel-Informativo-MRR-Adquisicion-vehiculos-1.png\" alt=\"\" width=\"3307\" height=\"2339\" srcset=\"https:\/\/www.fqgalicia.org\/wp-content\/uploads\/2023\/06\/Cartel-Informativo-MRR-Adquisicion-vehiculos-1.png 3307w, https:\/\/www.fqgalicia.org\/wp-content\/uploads\/2023\/06\/Cartel-Informativo-MRR-Adquisicion-vehiculos-1-600x424.png 600w, https:\/\/www.fqgalicia.org\/wp-content\/uploads\/2023\/06\/Cartel-Informativo-MRR-Adquisicion-vehiculos-1-300x212.png 300w, https:\/\/www.fqgalicia.org\/wp-content\/uploads\/2023\/06\/Cartel-Informativo-MRR-Adquisicion-vehiculos-1-1024x724.png 1024w, https:\/\/www.fqgalicia.org\/wp-content\/uploads\/2023\/06\/Cartel-Informativo-MRR-Adquisicion-vehiculos-1-768x543.png 768w, https:\/\/www.fqgalicia.org\/wp-content\/uploads\/2023\/06\/Cartel-Informativo-MRR-Adquisicion-vehiculos-1-1536x1086.png 1536w, https:\/\/www.fqgalicia.org\/wp-content\/uploads\/2023\/06\/Cartel-Informativo-MRR-Adquisicion-vehiculos-1-2048x1449.png 2048w\" sizes=\"auto, (max-width: 3307px) 100vw, 3307px\" \/>[\/vc_column_text][\/toggle][toggle color=&#8221;Default&#8221; title=&#8221;Programa de mantemento da Asociaci\u00f3n Galega de Fibrose Qu\u00edstica&#8221;][vc_column_text]\n<ul>\n<li>Convocatoria: Subvenci\u00f3n destinada a actividades de interese social en materia de igualdade e diversidade do Excelent\u00edsimo Concello de A Coru\u00f1a para o exercicio 2023.<\/li>\n<li>Obxecto: Importe concedido dedicado para gastos de mantemento de oficina, correos, material oficina, tel\u00e9fono, material actividades, carteis, protecci\u00f3n de datos.<\/li>\n<li>Data de inicio: 01.01.2023<\/li>\n<li>Importe da subvenci\u00f3n: 2.165,12\u20ac<\/li>\n<li>Duraci\u00f3n: 12 meses<\/li>\n<\/ul>\n<p><a href=\"https:\/\/www.fqgalicia.org\/wp-content\/uploads\/2022\/12\/CARTEL_removed-1.pdf\"><img loading=\"lazy\" decoding=\"async\" class=\"alignnone wp-image-39894\" src=\"https:\/\/www.fqgalicia.org\/wp-content\/uploads\/2023\/12\/cartel-coruna-igualdad-2023.png\" alt=\"\" width=\"581\" height=\"326\" srcset=\"https:\/\/www.fqgalicia.org\/wp-content\/uploads\/2023\/12\/cartel-coruna-igualdad-2023.png 1470w, https:\/\/www.fqgalicia.org\/wp-content\/uploads\/2023\/12\/cartel-coruna-igualdad-2023-600x337.png 600w, https:\/\/www.fqgalicia.org\/wp-content\/uploads\/2023\/12\/cartel-coruna-igualdad-2023-300x168.png 300w, https:\/\/www.fqgalicia.org\/wp-content\/uploads\/2023\/12\/cartel-coruna-igualdad-2023-1024x575.png 1024w, https:\/\/www.fqgalicia.org\/wp-content\/uploads\/2023\/12\/cartel-coruna-igualdad-2023-768x431.png 768w\" sizes=\"auto, (max-width: 581px) 100vw, 581px\" \/><\/a>[\/vc_column_text][\/toggle][toggle color=&#8221;Default&#8221; title=&#8221;Programa de informaci\u00f3n, difusi\u00f3n e asesoramento a persoas con fibrose qu\u00edstica e familiares&#8221;][vc_column_text]\n<ul>\n<li>Convocatoria: Subvenci\u00f3n destinada a entidades de iniciativa social sen \u00e1nimo de lucro destinadas a actividades ou proxectos de interese social\u00a0 no Concello de A Coru\u00f1a para o exercicio 2023.<\/li>\n<li>Obxecto: Importe concedido dedicado contrataci\u00f3n traballadora social<\/li>\n<li>Data de inicio: 01.01.2023.<\/li>\n<li>importe concedido: 2.173,00 \u20ac<\/li>\n<\/ul>\n<p><img loading=\"lazy\" decoding=\"async\" class=\"alignnone wp-image-39896\" src=\"https:\/\/www.fqgalicia.org\/wp-content\/uploads\/2023\/12\/cartel-publicidad-coruna-ss.ss_.png\" alt=\"\" width=\"568\" height=\"303\" srcset=\"https:\/\/www.fqgalicia.org\/wp-content\/uploads\/2023\/12\/cartel-publicidad-coruna-ss.ss_.png 1467w, https:\/\/www.fqgalicia.org\/wp-content\/uploads\/2023\/12\/cartel-publicidad-coruna-ss.ss_-600x320.png 600w, https:\/\/www.fqgalicia.org\/wp-content\/uploads\/2023\/12\/cartel-publicidad-coruna-ss.ss_-300x160.png 300w, https:\/\/www.fqgalicia.org\/wp-content\/uploads\/2023\/12\/cartel-publicidad-coruna-ss.ss_-1024x546.png 1024w, https:\/\/www.fqgalicia.org\/wp-content\/uploads\/2023\/12\/cartel-publicidad-coruna-ss.ss_-768x409.png 768w\" sizes=\"auto, (max-width: 568px) 100vw, 568px\" \/>[\/vc_column_text][\/toggle][toggle color=&#8221;Default&#8221; title=&#8221;Programa de atenci\u00f3n integral e fisioterapia para persoas con fibrose qu\u00edstica&#8221;][vc_column_text]\n<ul>\n<li>Convocatoria: Subvenci\u00f3n a entidades sen \u00e1nimo de lucro para a actuaci\u00f3n no \u00e1mbito dos servizos sociais, sociosanitarios e da xuventude no ano 2023<\/li>\n<li>Obxecto: Contrataci\u00f3n dunha traballadora social para a delegaci\u00f3n de Vigo, servizo de psicolox\u00eda e servizo de fisioterapia respiratoria en cl\u00ednicas<\/li>\n<li>Data de inicio: 01.01.2023<\/li>\n<li>Duraci\u00f3n: 12 meses<br \/>\n<img loading=\"lazy\" decoding=\"async\" class=\"alignnone wp-image-39901\" src=\"https:\/\/www.fqgalicia.org\/wp-content\/uploads\/2023\/12\/Cartel-publicidad-Pontevedra-2023.png\" alt=\"\" width=\"573\" height=\"323\" srcset=\"https:\/\/www.fqgalicia.org\/wp-content\/uploads\/2023\/12\/Cartel-publicidad-Pontevedra-2023.png 1468w, https:\/\/www.fqgalicia.org\/wp-content\/uploads\/2023\/12\/Cartel-publicidad-Pontevedra-2023-600x338.png 600w, https:\/\/www.fqgalicia.org\/wp-content\/uploads\/2023\/12\/Cartel-publicidad-Pontevedra-2023-300x169.png 300w, https:\/\/www.fqgalicia.org\/wp-content\/uploads\/2023\/12\/Cartel-publicidad-Pontevedra-2023-1024x577.png 1024w, https:\/\/www.fqgalicia.org\/wp-content\/uploads\/2023\/12\/Cartel-publicidad-Pontevedra-2023-768x433.png 768w\" sizes=\"auto, (max-width: 573px) 100vw, 573px\" \/><\/li>\n<\/ul>\n[\/vc_column_text][\/toggle][\/toggles][\/vc_column][vc_column column_padding=&#8221;padding-3-percent&#8221; column_padding_tablet=&#8221;inherit&#8221; column_padding_phone=&#8221;inherit&#8221; column_padding_position=&#8221;left&#8221; column_element_spacing=&#8221;default&#8221; background_color_opacity=&#8221;1&#8243; background_hover_color_opacity=&#8221;1&#8243; column_shadow=&#8221;none&#8221; column_border_radius=&#8221;none&#8221; column_link_target=&#8221;_self&#8221; gradient_direction=&#8221;left_to_right&#8221; overlay_strength=&#8221;0.3&#8243; width=&#8221;1\/3&#8243; tablet_width_inherit=&#8221;default&#8221; tablet_text_alignment=&#8221;default&#8221; phone_text_alignment=&#8221;default&#8221; bg_image_animation=&#8221;none&#8221; border_type=&#8221;simple&#8221; column_border_width=&#8221;none&#8221; column_border_style=&#8221;solid&#8221;][vc_row_inner column_margin=&#8221;default&#8221; column_direction=&#8221;default&#8221; column_direction_tablet=&#8221;default&#8221; column_direction_phone=&#8221;default&#8221; left_padding_desktop=&#8221;0&#8243; text_align=&#8221;left&#8221;][vc_column_inner column_padding=&#8221;no-extra-padding&#8221; column_padding_tablet=&#8221;inherit&#8221; column_padding_phone=&#8221;inherit&#8221; column_padding_position=&#8221;all&#8221; column_element_spacing=&#8221;default&#8221; background_color_opacity=&#8221;1&#8243; background_hover_color_opacity=&#8221;1&#8243; column_shadow=&#8221;none&#8221; column_border_radius=&#8221;none&#8221; column_link_target=&#8221;_self&#8221; gradient_direction=&#8221;left_to_right&#8221; overlay_strength=&#8221;0.3&#8243; width=&#8221;1\/1&#8243; tablet_width_inherit=&#8221;default&#8221; bg_image_animation=&#8221;none&#8221; border_type=&#8221;simple&#8221; column_border_width=&#8221;none&#8221; column_border_style=&#8221;solid&#8221;][nectar_highlighted_text color_type=&#8221;regular&#8221; highlight_color=&#8221;#e26536&#8243; style=&#8221;half_text&#8221;]\n<h2 style=\"text-align: center;\"><em>2023<\/em><\/h2>\n[\/nectar_highlighted_text][image_with_animation image_url=&#8221;3019&#8243; animation=&#8221;Fade In&#8221; hover_animation=&#8221;none&#8221; alignment=&#8221;center&#8221; border_radius=&#8221;none&#8221; box_shadow=&#8221;none&#8221; image_loading=&#8221;default&#8221; max_width=&#8221;100%&#8221; max_width_mobile=&#8221;default&#8221; margin_top=&#8221;15%&#8221;][\/vc_column_inner][\/vc_row_inner][\/vc_column][\/vc_row][vc_row type=&#8221;in_container&#8221; full_screen_row_position=&#8221;middle&#8221; column_margin=&#8221;default&#8221; column_direction=&#8221;default&#8221; column_direction_tablet=&#8221;column_reverse&#8221; column_direction_phone=&#8221;column_reverse&#8221; scene_position=&#8221;center&#8221; top_padding=&#8221;18%&#8221; bottom_padding=&#8221;4%&#8221; left_padding_desktop=&#8221;5%&#8221; constrain_group_2=&#8221;yes&#8221; right_padding_desktop=&#8221;5%&#8221; top_padding_tablet=&#8221;10%&#8221; top_padding_phone=&#8221;10%&#8221; text_color=&#8221;dark&#8221; text_align=&#8221;left&#8221; row_border_radius=&#8221;none&#8221; row_border_radius_applies=&#8221;bg&#8221; id=&#8221;objetivos&#8221; overlay_strength=&#8221;0.3&#8243; gradient_direction=&#8221;left_to_right&#8221; enable_shape_divider=&#8221;true&#8221; shape_divider_color=&#8221;#94bfb7&#8243; shape_divider_position=&#8221;top&#8221; shape_divider_height=&#8221;28%&#8221; shape_divider_height_tablet=&#8221;8%&#8221; shape_divider_height_phone=&#8221;8%&#8221; bg_image_animation=&#8221;none&#8221; shape_type=&#8221;waves&#8221;][vc_column column_padding=&#8221;no-extra-padding&#8221; column_padding_tablet=&#8221;inherit&#8221; column_padding_phone=&#8221;inherit&#8221; column_padding_position=&#8221;all&#8221; column_element_spacing=&#8221;default&#8221; background_color_opacity=&#8221;1&#8243; background_hover_color_opacity=&#8221;1&#8243; font_color=&#8221;#000000&#8243; column_shadow=&#8221;none&#8221; column_border_radius=&#8221;none&#8221; column_link_target=&#8221;_self&#8221; gradient_direction=&#8221;left_to_right&#8221; overlay_strength=&#8221;0.3&#8243; width=&#8221;2\/3&#8243; tablet_width_inherit=&#8221;default&#8221; tablet_text_alignment=&#8221;default&#8221; phone_text_alignment=&#8221;default&#8221; bg_image_animation=&#8221;none&#8221; border_type=&#8221;simple&#8221; column_border_width=&#8221;none&#8221; column_border_style=&#8221;solid&#8221;][toggles style=&#8221;minimal_small&#8221;][toggle color=&#8221;Extra-Color-2&#8243; title=&#8221;Programa de aerosolterapia, fisioterapia e atenci\u00f3n integral para persoas con fibrose qu\u00edstica&#8221;][vc_column_text]\n<ul>\n<li>Convocatoria: Proxecto cofinanciado pola Xunta de Galicia a trav\u00e9s dos fondos do 0,7% do IRPF.<\/li>\n<li>Obxecto: Contrataci\u00f3n dunha fisioterapeuta na \u00e1rea de Pontevedra para a realizaci\u00f3n de sesi\u00f3ns de fisioterapia respiratoria e de exercicio f\u00edsico e dunha traballadora social.<\/li>\n<li>Data do inicio do servizo: 01\/01\/2022<\/li>\n<li>Duraci\u00f3n: 12 meses<\/li>\n<li>Importe da subvenci\u00f3n concedida: 15.000,00\u20ac<a href=\"https:\/\/www.fqgalicia.org\/wp-content\/uploads\/2022\/03\/A2.-Atencion-Especializada-_vertical.-1.pdf\"><img loading=\"lazy\" decoding=\"async\" class=\"alignnone wp-image-38819 size-medium\" src=\"https:\/\/www.fqgalicia.org\/wp-content\/uploads\/2022\/03\/A2.-Atencion-Especializada-_vertical.-1-pdf-212x300.jpg\" alt=\"\" width=\"212\" height=\"300\" \/><\/a><\/li>\n<\/ul>\n[\/vc_column_text][\/toggle][toggle color=&#8221;Extra-Color-2&#8243; title=&#8221;Programa de atenci\u00f3n integral e fisioterapia para persoas con fibrose qu\u00edstica&#8221;][vc_column_text]\n<ul>\n<li>Convocatoria: Subvenci\u00f3n a entidades sen \u00e1nimo de lucro para a actuaci\u00f3n no \u00e1mbito dos servizos sociais, sociosanitarios e da xuventude no ano 2022<\/li>\n<li>Obxecto: Contrataci\u00f3n dunha traballadora social para a delegaci\u00f3n de Vigo, servizo de psicolox\u00eda e servizo de fisioterapia respiratoria en cl\u00ednicas<\/li>\n<li>Data de inicio: 01.01.2022<\/li>\n<li>Duraci\u00f3n: 12 meses<br \/>\n<img loading=\"lazy\" decoding=\"async\" class=\"size-medium wp-image-38789 aligncenter\" src=\"https:\/\/www.fqgalicia.org\/wp-content\/uploads\/2022\/02\/Pontevedra-2021-300x212.jpg\" alt=\"\" width=\"300\" height=\"212\" srcset=\"https:\/\/www.fqgalicia.org\/wp-content\/uploads\/2022\/02\/Pontevedra-2021-300x212.jpg 300w, https:\/\/www.fqgalicia.org\/wp-content\/uploads\/2022\/02\/Pontevedra-2021-600x424.jpg 600w, https:\/\/www.fqgalicia.org\/wp-content\/uploads\/2022\/02\/Pontevedra-2021-1024x724.jpg 1024w, https:\/\/www.fqgalicia.org\/wp-content\/uploads\/2022\/02\/Pontevedra-2021-768x543.jpg 768w, https:\/\/www.fqgalicia.org\/wp-content\/uploads\/2022\/02\/Pontevedra-2021-1536x1086.jpg 1536w, https:\/\/www.fqgalicia.org\/wp-content\/uploads\/2022\/02\/Pontevedra-2021.jpg 1755w\" sizes=\"auto, (max-width: 300px) 100vw, 300px\" \/><\/li>\n<\/ul>\n[\/vc_column_text][\/toggle][toggle color=&#8221;Extra-Color-2&#8243; title=&#8221;Programa de fisioterapia respiratoria para persoas de A Coru\u00f1a&#8221;][vc_column_text]\n<ul>\n<li>Convocatoria: Subvenci\u00f3n a entidades sen \u00e1nimo de lucro para o mantemento de programas sociosanitarios, durante o ano 2022.<\/li>\n<li>Obxecto: Contrataci\u00f3n da xornada da fisioterapeuta de A Coru\u00f1a e outros gastos xerais da asociaci\u00f3n.<\/li>\n<li>Data de inicio: 01.01.22<\/li>\n<li>importe concedido: 5.560,00\u20ac<\/li>\n<\/ul>\n<p><img loading=\"lazy\" decoding=\"async\" class=\"alignnone size-medium wp-image-38906\" src=\"https:\/\/www.fqgalicia.org\/wp-content\/uploads\/2022\/07\/CARTEL-depo-a-coruna-300x169.jpg\" alt=\"\" width=\"300\" height=\"169\" srcset=\"https:\/\/www.fqgalicia.org\/wp-content\/uploads\/2022\/07\/CARTEL-depo-a-coruna-300x169.jpg 300w, https:\/\/www.fqgalicia.org\/wp-content\/uploads\/2022\/07\/CARTEL-depo-a-coruna-600x338.jpg 600w, https:\/\/www.fqgalicia.org\/wp-content\/uploads\/2022\/07\/CARTEL-depo-a-coruna-1024x576.jpg 1024w, https:\/\/www.fqgalicia.org\/wp-content\/uploads\/2022\/07\/CARTEL-depo-a-coruna-768x432.jpg 768w, https:\/\/www.fqgalicia.org\/wp-content\/uploads\/2022\/07\/CARTEL-depo-a-coruna-1536x864.jpg 1536w, https:\/\/www.fqgalicia.org\/wp-content\/uploads\/2022\/07\/CARTEL-depo-a-coruna.jpg 2000w\" sizes=\"auto, (max-width: 300px) 100vw, 300px\" \/>[\/vc_column_text][\/toggle][toggle color=&#8221;Extra-Color-2&#8243; title=&#8221;Programa de atenci\u00f3n integral para persoas con fibrose qu\u00edstica&#8221;][vc_column_text]\n<ul>\n<li>Plan de prioridades da once: Supresi\u00f3n de barreiras psicosociais.<\/li>\n<li>Obxecto: Contrataci\u00f3n dunha traballadora social para a zona de Vigo. Informaci\u00f3n, asesoramento, xesti\u00f3n de recursos, xesti\u00f3n de proxectos, acollida de novos socios e avaliaci\u00f3n de resultados<\/li>\n<li>Data de inicio: 01.01.2022<\/li>\n<\/ul>\n<p><img loading=\"lazy\" decoding=\"async\" class=\"size-medium wp-image-38792 aligncenter\" src=\"https:\/\/www.fqgalicia.org\/wp-content\/uploads\/2022\/02\/Fundacion-Once-300x169.png\" alt=\"\" width=\"300\" height=\"169\" srcset=\"https:\/\/www.fqgalicia.org\/wp-content\/uploads\/2022\/02\/Fundacion-Once-300x169.png 300w, https:\/\/www.fqgalicia.org\/wp-content\/uploads\/2022\/02\/Fundacion-Once-600x338.png 600w, https:\/\/www.fqgalicia.org\/wp-content\/uploads\/2022\/02\/Fundacion-Once.png 640w\" sizes=\"auto, (max-width: 300px) 100vw, 300px\" \/>[\/vc_column_text][\/toggle][toggle color=&#8221;Extra-Color-2&#8243; title=&#8221;Programa de mantemento da Asociaci\u00f3n Galega de Fibrose Qu\u00edstica&#8221;][vc_column_text]\n<ul>\n<li>Convocatoria: Subvenci\u00f3n destinada a actividades de interese social en materia de igualdade e diversidade do Excelent\u00edsimo Concello de A Coru\u00f1a para o exercicio 2022.<\/li>\n<li>Obxecto: Importe concedido dedicado para gastos de mantemento de oficina, correos, material oficina, tel\u00e9fono, material actividades, carteis, protecci\u00f3n de datos.<\/li>\n<li>Data de inicio: 01.01.2022<\/li>\n<li>Importe da subvenci\u00f3n: 2.240\u20ac<\/li>\n<li>Duraci\u00f3n: 12 meses<\/li>\n<\/ul>\n<p><a href=\"https:\/\/www.fqgalicia.org\/wp-content\/uploads\/2022\/12\/CARTEL_removed-1.pdf\"><img loading=\"lazy\" decoding=\"async\" class=\"alignnone wp-image-38937 size-medium\" src=\"https:\/\/www.fqgalicia.org\/wp-content\/uploads\/2022\/12\/CARTEL_removed-1-pdf-300x169.jpg\" alt=\"\" width=\"300\" height=\"169\" \/><\/a>[\/vc_column_text][\/toggle][toggle color=&#8221;Extra-Color-2&#8243; title=&#8221;Programa de informaci\u00f3n, difusi\u00f3n e asesoramento a persoas con fibrose qu\u00edstica e familiares&#8221;][vc_column_text]\n<ul>\n<li>Convocatoria: Subvenci\u00f3n destinada a entidades de iniciativa social sen \u00e1nimo de lucro destinadas a actividades ou proxectos de interese social\u00a0 no Concello de A Coru\u00f1a para o exercicio 2022.<\/li>\n<li>Obxecto: Importe concedido dedicado contrataci\u00f3n traballadora social<\/li>\n<li>Data de inicio: 01.01.2022.<\/li>\n<li>importe concedido: 2.351,00\u20ac<\/li>\n<li><img loading=\"lazy\" decoding=\"async\" class=\"alignnone size-medium wp-image-38909\" src=\"https:\/\/www.fqgalicia.org\/wp-content\/uploads\/2022\/07\/CARTELservizos-sociais-300x169.jpg\" alt=\"\" width=\"300\" height=\"169\" srcset=\"https:\/\/www.fqgalicia.org\/wp-content\/uploads\/2022\/07\/CARTELservizos-sociais-300x169.jpg 300w, https:\/\/www.fqgalicia.org\/wp-content\/uploads\/2022\/07\/CARTELservizos-sociais-600x338.jpg 600w, https:\/\/www.fqgalicia.org\/wp-content\/uploads\/2022\/07\/CARTELservizos-sociais-1024x576.jpg 1024w, https:\/\/www.fqgalicia.org\/wp-content\/uploads\/2022\/07\/CARTELservizos-sociais-768x432.jpg 768w, https:\/\/www.fqgalicia.org\/wp-content\/uploads\/2022\/07\/CARTELservizos-sociais-1536x864.jpg 1536w, https:\/\/www.fqgalicia.org\/wp-content\/uploads\/2022\/07\/CARTELservizos-sociais.jpg 2000w\" sizes=\"auto, (max-width: 300px) 100vw, 300px\" \/><\/li>\n<\/ul>\n[\/vc_column_text][\/toggle][toggle color=&#8221;Extra-Color-2&#8243; title=&#8221;Programa de voluntariado para persoas con fibrose qu\u00edstica&#8221;][vc_column_text]\n<ul>\n<li>Convocatoria: Subvenci\u00f3n a entidades de acci\u00f3n voluntaria de car\u00e1cter privado para o fomento e a realizaci\u00f3n de actividades de voluntariado.<\/li>\n<li>Objeto: desprazamentos de voluntarios, material de actividades, Epis, Plataforma zoom.<\/li>\n<li>Data de inicio:01\/01\/2022<\/li>\n<\/ul>\n[\/vc_column_text][\/toggle][toggle color=&#8221;Extra-Color-2&#8243; title=&#8221;Programa de atenci\u00f3n integral para persoas con fibrose qu\u00edstica en Ourense&#8221;][vc_column_text]\n<ul>\n<li>Convocatoria: Subvenci\u00f3n para proxectos de prestaci\u00f3n de servizos sociais para o ano 2022 da deputaci\u00f3n provincial de Ourense.<\/li>\n<li>Obxecto: Cl\u00ednicas de psicolox\u00eda e de fisioterapia na zona de Ourense.<\/li>\n<li>Data de inicio: 01.01.2022<\/li>\n<li>importe concedido: 3.150,00\u20ac<\/li>\n<\/ul>\n<p><img loading=\"lazy\" decoding=\"async\" class=\"alignnone wp-image-38806 size-medium\" src=\"https:\/\/www.fqgalicia.org\/wp-content\/uploads\/2022\/02\/ourense-300x169.png\" alt=\"\" width=\"300\" height=\"169\" srcset=\"https:\/\/www.fqgalicia.org\/wp-content\/uploads\/2022\/02\/ourense-300x169.png 300w, https:\/\/www.fqgalicia.org\/wp-content\/uploads\/2022\/02\/ourense-600x338.png 600w, https:\/\/www.fqgalicia.org\/wp-content\/uploads\/2022\/02\/ourense.png 640w\" sizes=\"auto, (max-width: 300px) 100vw, 300px\" \/>[\/vc_column_text][\/toggle][toggle color=&#8221;Extra-Color-2&#8243; title=&#8221;Programa de telemedicina durante y post covid&#8221;][vc_column_text]\n<ul>\n<li>Convocatoria: XIII Convocatoria de axudas a proxectos sociais, dirixida a mellorar a calidade de vida das persoas que sofren enfermidades raras.<\/li>\n<li>Obxecto: Instaurar unha li\u00f1a de telemedicina.<\/li>\n<li>Data de inicio: 01.06.2022<\/li>\n<li>Duraci\u00f3n: 12 meses<\/li>\n<li>Importe concedido: 10.000,00\u20ac<\/li>\n<\/ul>\n<p><img loading=\"lazy\" decoding=\"async\" class=\"alignnone wp-image-39620 size-medium\" src=\"https:\/\/www.fqgalicia.org\/wp-content\/uploads\/2023\/08\/Fundacion-mapfre-300x158.png\" alt=\"\" width=\"300\" height=\"158\" srcset=\"https:\/\/www.fqgalicia.org\/wp-content\/uploads\/2023\/08\/Fundacion-mapfre-300x158.png 300w, https:\/\/www.fqgalicia.org\/wp-content\/uploads\/2023\/08\/Fundacion-mapfre-600x316.png 600w, https:\/\/www.fqgalicia.org\/wp-content\/uploads\/2023\/08\/Fundacion-mapfre-1024x539.png 1024w, https:\/\/www.fqgalicia.org\/wp-content\/uploads\/2023\/08\/Fundacion-mapfre-768x404.png 768w, https:\/\/www.fqgalicia.org\/wp-content\/uploads\/2023\/08\/Fundacion-mapfre.png 1123w\" sizes=\"auto, (max-width: 300px) 100vw, 300px\" \/>[\/vc_column_text][\/toggle][\/toggles][\/vc_column][vc_column column_padding=&#8221;padding-3-percent&#8221; column_padding_tablet=&#8221;inherit&#8221; column_padding_phone=&#8221;inherit&#8221; column_padding_position=&#8221;left&#8221; column_element_spacing=&#8221;default&#8221; centered_text=&#8221;true&#8221; background_color_opacity=&#8221;1&#8243; background_hover_color_opacity=&#8221;1&#8243; column_shadow=&#8221;none&#8221; column_border_radius=&#8221;none&#8221; column_link_target=&#8221;_self&#8221; gradient_direction=&#8221;left_to_right&#8221; overlay_strength=&#8221;0.3&#8243; width=&#8221;1\/3&#8243; tablet_width_inherit=&#8221;default&#8221; tablet_text_alignment=&#8221;default&#8221; phone_text_alignment=&#8221;default&#8221; bg_image_animation=&#8221;none&#8221; border_type=&#8221;simple&#8221; column_border_width=&#8221;none&#8221; column_border_style=&#8221;solid&#8221;][vc_row_inner column_margin=&#8221;default&#8221; column_direction=&#8221;default&#8221; column_direction_tablet=&#8221;default&#8221; column_direction_phone=&#8221;default&#8221; left_padding_desktop=&#8221;0&#8243; text_align=&#8221;left&#8221;][vc_column_inner column_padding=&#8221;no-extra-padding&#8221; column_padding_tablet=&#8221;inherit&#8221; column_padding_phone=&#8221;inherit&#8221; column_padding_position=&#8221;all&#8221; column_element_spacing=&#8221;default&#8221; background_color_opacity=&#8221;1&#8243; background_hover_color_opacity=&#8221;1&#8243; column_shadow=&#8221;none&#8221; column_border_radius=&#8221;none&#8221; column_link_target=&#8221;_self&#8221; gradient_direction=&#8221;left_to_right&#8221; overlay_strength=&#8221;0.3&#8243; width=&#8221;1\/1&#8243; tablet_width_inherit=&#8221;default&#8221; bg_image_animation=&#8221;none&#8221; border_type=&#8221;simple&#8221; column_border_width=&#8221;none&#8221; column_border_style=&#8221;solid&#8221;][nectar_highlighted_text color_type=&#8221;regular&#8221; highlight_color=&#8221;#e26536&#8243; style=&#8221;half_text&#8221;]\n<h2 style=\"text-align: center;\"><em>2022<\/em><\/h2>\n[\/nectar_highlighted_text][image_with_animation image_url=&#8221;3019&#8243; animation=&#8221;Fade In&#8221; hover_animation=&#8221;none&#8221; alignment=&#8221;center&#8221; border_radius=&#8221;none&#8221; box_shadow=&#8221;none&#8221; image_loading=&#8221;default&#8221; max_width=&#8221;100%&#8221; max_width_mobile=&#8221;default&#8221; margin_top=&#8221;15%&#8221;][\/vc_column_inner][\/vc_row_inner][\/vc_column][\/vc_row][vc_row type=&#8221;in_container&#8221; full_screen_row_position=&#8221;middle&#8221; column_margin=&#8221;default&#8221; column_direction=&#8221;default&#8221; column_direction_tablet=&#8221;column_reverse&#8221; column_direction_phone=&#8221;column_reverse&#8221; scene_position=&#8221;center&#8221; top_padding=&#8221;18%&#8221; bottom_padding=&#8221;4%&#8221; left_padding_desktop=&#8221;5%&#8221; constrain_group_2=&#8221;yes&#8221; right_padding_desktop=&#8221;5%&#8221; top_padding_tablet=&#8221;10%&#8221; top_padding_phone=&#8221;10%&#8221; text_color=&#8221;dark&#8221; text_align=&#8221;left&#8221; row_border_radius=&#8221;none&#8221; row_border_radius_applies=&#8221;bg&#8221; id=&#8221;objetivos&#8221; overlay_strength=&#8221;0.3&#8243; gradient_direction=&#8221;left_to_right&#8221; enable_shape_divider=&#8221;true&#8221; shape_divider_color=&#8221;#94bfb7&#8243; shape_divider_position=&#8221;top&#8221; shape_divider_height=&#8221;28%&#8221; shape_divider_height_tablet=&#8221;8%&#8221; shape_divider_height_phone=&#8221;8%&#8221; bg_image_animation=&#8221;none&#8221; shape_type=&#8221;waves&#8221;][vc_column column_padding=&#8221;no-extra-padding&#8221; column_padding_tablet=&#8221;inherit&#8221; column_padding_phone=&#8221;inherit&#8221; column_padding_position=&#8221;all&#8221; column_element_spacing=&#8221;default&#8221; background_color_opacity=&#8221;1&#8243; background_hover_color_opacity=&#8221;1&#8243; font_color=&#8221;#000000&#8243; column_shadow=&#8221;none&#8221; column_border_radius=&#8221;none&#8221; column_link_target=&#8221;_self&#8221; gradient_direction=&#8221;left_to_right&#8221; overlay_strength=&#8221;0.3&#8243; width=&#8221;2\/3&#8243; tablet_width_inherit=&#8221;default&#8221; tablet_text_alignment=&#8221;default&#8221; phone_text_alignment=&#8221;default&#8221; bg_image_animation=&#8221;none&#8221; border_type=&#8221;simple&#8221; column_border_width=&#8221;none&#8221; column_border_style=&#8221;solid&#8221;][toggles style=&#8221;minimal_small&#8221;][toggle color=&#8221;Extra-Color-2&#8243; title=&#8221;Programa de aerosolterapia, fisioterapia e atenci\u00f3n integral para persoas con fibrose qu\u00edstica&#8221;][vc_column_text]\n<ul>\n<li>Convocatoria: Proxecto cofinanciado pola Xunta de Galicia a trav\u00e9s dos fondos do 0,7% do IRPF.<\/li>\n<li>Obxecto: Contrataci\u00f3n dunha fisioterapeuta na \u00e1rea de Pontevedra para a realizaci\u00f3n de sesi\u00f3ns de fisioterapia respiratoria e de exercicio f\u00edsico.<\/li>\n<li>Data do inicio do servizo: 01\/01\/2021<\/li>\n<li>Duraci\u00f3n: 12 meses<\/li>\n<li>Importe da subvenci\u00f3n concedida: 15.000,00\u20ac<a href=\"https:\/\/www.fqgalicia.org\/wp-content\/uploads\/2022\/03\/A2.-Atencion-Especializada-_vertical.-1.pdf\"><img loading=\"lazy\" decoding=\"async\" class=\"alignnone wp-image-38819 size-medium\" src=\"https:\/\/www.fqgalicia.org\/wp-content\/uploads\/2022\/03\/A2.-Atencion-Especializada-_vertical.-1-pdf-212x300.jpg\" alt=\"\" width=\"212\" height=\"300\" \/><\/a><\/li>\n<\/ul>\n[\/vc_column_text][\/toggle][toggle color=&#8221;Extra-Color-2&#8243; title=&#8221;Programa de atenci\u00f3n integral e fisioterapia para persoas con fibrose qu\u00edstica&#8221;][vc_column_text]\n<ul>\n<li>Convocatoria: Subvenci\u00f3n a entidades sen \u00e1nimo de lucro para a actuaci\u00f3n no \u00e1mbito dos servizos sociais, sociosanitarios e da xuventude no ano 2021<\/li>\n<li>Obxecto: Contrataci\u00f3n dunha traballadora social para a delegaci\u00f3n de Vigo, servizo de psicolox\u00eda e servizo de fisioterapia respiratoria en cl\u00ednicas<\/li>\n<li>Data de inicio: 01.01.2021<\/li>\n<li>Importe da subvenci\u00f3n: 5378,23\u20ac<\/li>\n<li>Duraci\u00f3n: 12 meses<br \/>\n<img loading=\"lazy\" decoding=\"async\" class=\"size-medium wp-image-38789 aligncenter\" src=\"https:\/\/www.fqgalicia.org\/wp-content\/uploads\/2022\/02\/Pontevedra-2021-300x212.jpg\" alt=\"\" width=\"300\" height=\"212\" srcset=\"https:\/\/www.fqgalicia.org\/wp-content\/uploads\/2022\/02\/Pontevedra-2021-300x212.jpg 300w, https:\/\/www.fqgalicia.org\/wp-content\/uploads\/2022\/02\/Pontevedra-2021-600x424.jpg 600w, https:\/\/www.fqgalicia.org\/wp-content\/uploads\/2022\/02\/Pontevedra-2021-1024x724.jpg 1024w, https:\/\/www.fqgalicia.org\/wp-content\/uploads\/2022\/02\/Pontevedra-2021-768x543.jpg 768w, https:\/\/www.fqgalicia.org\/wp-content\/uploads\/2022\/02\/Pontevedra-2021-1536x1086.jpg 1536w, https:\/\/www.fqgalicia.org\/wp-content\/uploads\/2022\/02\/Pontevedra-2021.jpg 1755w\" sizes=\"auto, (max-width: 300px) 100vw, 300px\" \/><\/li>\n<\/ul>\n[\/vc_column_text][\/toggle][toggle color=&#8221;Extra-Color-2&#8243; title=&#8221;Programa de atenci\u00f3n integral para persoas con fibrose qu\u00edstica&#8221;][vc_column_text]\n<ul>\n<li>Plan de prioridades da once: Supresi\u00f3n de barreiras psicosociais.<\/li>\n<li>Obxecto: Contrataci\u00f3n dunha traballadora social para a zona de Vigo. Informaci\u00f3n, asesoramento, xesti\u00f3n de recursos, xesti\u00f3n de proxectos, acollida de novos socios e avaliaci\u00f3n de resultados<\/li>\n<li>Data de inicio: 01.01.2022<\/li>\n<li>Importe concedido: 5.400\u20ac<\/li>\n<\/ul>\n<p><img loading=\"lazy\" decoding=\"async\" class=\"size-medium wp-image-38792 aligncenter\" src=\"https:\/\/www.fqgalicia.org\/wp-content\/uploads\/2022\/02\/Fundacion-Once-300x169.png\" alt=\"\" width=\"300\" height=\"169\" srcset=\"https:\/\/www.fqgalicia.org\/wp-content\/uploads\/2022\/02\/Fundacion-Once-300x169.png 300w, https:\/\/www.fqgalicia.org\/wp-content\/uploads\/2022\/02\/Fundacion-Once-600x338.png 600w, https:\/\/www.fqgalicia.org\/wp-content\/uploads\/2022\/02\/Fundacion-Once.png 640w\" sizes=\"auto, (max-width: 300px) 100vw, 300px\" \/>[\/vc_column_text][\/toggle][toggle color=&#8221;Extra-Color-2&#8243; title=&#8221;Programa de visibilizaci\u00f3n, sensibilizaci\u00f3n e divulgaci\u00f3n da Asociaci\u00f3n Galega de Fibrose Qu\u00edstica&#8221;][vc_column_text]\n<ul>\n<li>Convocatoria: Subvenci\u00f3n destinada a entidades de iniciativa social sen \u00e1nimo de lucro destinadas a actividades ou proxectos de interese social\u00a0 no Concello de A Coru\u00f1a para o exercicio 2021.<\/li>\n<li>Obxecto: Informar, divulgar e dar a co\u00f1ecer a Fibrose Qu\u00edstica.<\/li>\n<li>Data de inicio: 01.01.2021.<\/li>\n<li>Importe concedido: 1.705,90\u20ac<\/li>\n<li>Duraci\u00f3n 12 meses<img loading=\"lazy\" decoding=\"async\" class=\"size-medium wp-image-38794 aligncenter\" src=\"https:\/\/www.fqgalicia.org\/wp-content\/uploads\/2022\/02\/Concello-da-coruna-300x212.jpg\" alt=\"\" width=\"300\" height=\"212\" srcset=\"https:\/\/www.fqgalicia.org\/wp-content\/uploads\/2022\/02\/Concello-da-coruna-300x212.jpg 300w, https:\/\/www.fqgalicia.org\/wp-content\/uploads\/2022\/02\/Concello-da-coruna-600x424.jpg 600w, https:\/\/www.fqgalicia.org\/wp-content\/uploads\/2022\/02\/Concello-da-coruna-1024x724.jpg 1024w, https:\/\/www.fqgalicia.org\/wp-content\/uploads\/2022\/02\/Concello-da-coruna-768x543.jpg 768w, https:\/\/www.fqgalicia.org\/wp-content\/uploads\/2022\/02\/Concello-da-coruna-1536x1086.jpg 1536w, https:\/\/www.fqgalicia.org\/wp-content\/uploads\/2022\/02\/Concello-da-coruna.jpg 1755w\" sizes=\"auto, (max-width: 300px) 100vw, 300px\" \/><\/li>\n<li><\/li>\n<\/ul>\n[\/vc_column_text][\/toggle][toggle color=&#8221;Extra-Color-2&#8243; title=&#8221;Programa de mantemento da Asociaci\u00f3n Galega de Fibrose Qu\u00edstica&#8221;][vc_column_text]\n<ul>\n<li>Convocatoria: Subvenci\u00f3n destinada a actividades de interese social en materia de igualdade e diversidade do Excelent\u00edsimo Concello de A Coru\u00f1a para o exercicio 2021.<\/li>\n<li>Obxecto: Importe concedido dedicado para gastos de mantemento de oficina, correos, material oficina, tel\u00e9fono, material actividades, carteles, protecci\u00f3n de datos.<\/li>\n<li>Data de inicio: 01.01.2021<\/li>\n<li>Importe da subvenci\u00f3n: 2.240\u20ac<\/li>\n<li>Duraci\u00f3n: 12 meses<\/li>\n<\/ul>\n<p><a href=\"https:\/\/www.fqgalicia.org\/wp-content\/uploads\/2022\/12\/CARTEL_removed-1.pdf\"><img loading=\"lazy\" decoding=\"async\" class=\"size-medium wp-image-38796 aligncenter\" src=\"https:\/\/www.fqgalicia.org\/wp-content\/uploads\/2022\/02\/Ayuntamiento-Coruna-300x212.jpg\" alt=\"\" width=\"300\" height=\"212\" srcset=\"https:\/\/www.fqgalicia.org\/wp-content\/uploads\/2022\/02\/Ayuntamiento-Coruna-300x212.jpg 300w, https:\/\/www.fqgalicia.org\/wp-content\/uploads\/2022\/02\/Ayuntamiento-Coruna-600x424.jpg 600w, https:\/\/www.fqgalicia.org\/wp-content\/uploads\/2022\/02\/Ayuntamiento-Coruna-1024x724.jpg 1024w, https:\/\/www.fqgalicia.org\/wp-content\/uploads\/2022\/02\/Ayuntamiento-Coruna-768x543.jpg 768w, https:\/\/www.fqgalicia.org\/wp-content\/uploads\/2022\/02\/Ayuntamiento-Coruna.jpg 1300w\" sizes=\"auto, (max-width: 300px) 100vw, 300px\" \/><\/a>[\/vc_column_text][\/toggle][toggle color=&#8221;Extra-Color-2&#8243; title=&#8221;Programa de fisioterapia para persoas con fibrose qu\u00edstica&#8221;][vc_column_text]\n<ul>\n<li>Convocatoria: subvenci\u00f3ns en r\u00e9ximen de concorrencia competitiva, \u00e1s entidades privadas sen \u00e1nimo de lucro para a realizaci\u00f3n de programas de car\u00e1cter sociosanitario.<\/li>\n<li>Obxecto: Contrataci\u00f3n dun fisioterapeuta da zona de A Coru\u00f1a e cl\u00ednicas en Ourense.<\/li>\n<li>Data de inicio: 01.01.2021<\/li>\n<li>Importe da subvenci\u00f3n: 5.000\u20ac<\/li>\n<li>Duraci\u00f3n: 12 meses<\/li>\n<\/ul>\n<p><img decoding=\"async\" src=\"https:\/\/www.fqgalicia.org\/wp-content\/uploads\/2022\/02\/Conselleria-300x225.png\" \/>[\/vc_column_text][\/toggle][toggle color=&#8221;Extra-Color-2&#8243; title=&#8221;Programa de voluntariado para persoas con fibrose qu\u00edstica&#8221;][vc_column_text]\n<ul>\n<li>Convocatoria: Subvenci\u00f3n a entidades de acci\u00f3n voluntaria de car\u00e1cter privado para o fomento e a realizaci\u00f3n de actividades de voluntariado.<\/li>\n<li>Oxecto: desprazamentos de voluntarios, material de actividades, Epis, Plataforma zoom.<\/li>\n<li>Data de inicio:01\/01\/2021<\/li>\n<li>Duraci\u00f3n 10 meses<\/li>\n<li>Importe da subvenci\u00f3n: 1.702,35\u20ac<\/li>\n<\/ul>\n<p><img decoding=\"async\" src=\"https:\/\/www.fqgalicia.org\/wp-content\/uploads\/2022\/02\/Voluntariado-300x169.png\" \/>[\/vc_column_text][\/toggle][toggle color=&#8221;Extra-Color-2&#8243; title=&#8221;Programa de fomento do deporte para persoas con fibrose qu\u00edstica&#8221;][vc_column_text]\n<ul>\n<li>Convocatoria: Subvenci\u00f3ns de concorrencia competitiva dirixida a entidades deportivas sen \u00e1nimo de lucro destinadas ao fomento e apoio \u00e1 realizaci\u00f3n de actividades f\u00edsicas e deportivas a realizar durante o exercicio 2021.<\/li>\n<li>Obxecto: Contrataci\u00f3n dun fisioterapeuta e compra de equipos de protecci\u00f3n individual.<\/li>\n<li>Data de inicio: 01\/01\/2021<\/li>\n<li>Duraci\u00f3n: 6 meses<\/li>\n<li>Importe da subvenci\u00f3n: 2.000,00\u20ac<\/li>\n<\/ul>\n<p><img decoding=\"async\" src=\"https:\/\/www.fqgalicia.org\/wp-content\/uploads\/2022\/02\/Deporte-300x169.png\" \/>[\/vc_column_text][\/toggle][toggle color=&#8221;Extra-Color-2&#8243; title=&#8221;Programa de fisioterapia respiratoria para persoas de A Coru\u00f1a&#8221;][vc_column_text]\n<ul>\n<li>Convocatoria: Subvenci\u00f3n a entidades sen \u00e1nimo de lucro para o mantemento de programas sociosanitarios, durante o ano 2021.<\/li>\n<li>Obxecto: Contrataci\u00f3n da xornada da fisioterapeuta de A Coru\u00f1a e outros gastos xerais da asociaci\u00f3n.<\/li>\n<li>Data de inicio: 01.01.21<\/li>\n<li>importe concedido: 3.328,00\u20ac<\/li>\n<li>Duraci\u00f3n 11 meses<\/li>\n<\/ul>\n<p><img decoding=\"async\" src=\"https:\/\/www.fqgalicia.org\/wp-content\/uploads\/2022\/02\/Deputacion-300x169.png\" \/>[\/vc_column_text][\/toggle][toggle color=&#8221;Extra-Color-2&#8243; title=&#8221;Programa de atenci\u00f3n integral para persoas con fibrose qu\u00edstica en Ourense&#8221;][vc_column_text]\n<ul>\n<li>Convocatoria: Subvenci\u00f3n para proxectos de prestaci\u00f3n de servizos sociais para o ano 2022 da deputaci\u00f3n provincial de Ourense.<\/li>\n<li>Obxecto: Cl\u00ednicas de psicolox\u00eda e de fisioterapia na zona de Ourense.<\/li>\n<li>Data de inicio: 01.01.2021<\/li>\n<li>importe concedido: 2.500,00\u20ac<\/li>\n<li>Duraci\u00f3n 11 meses<\/li>\n<\/ul>\n<p><img loading=\"lazy\" decoding=\"async\" class=\"alignnone wp-image-38806 size-medium\" src=\"https:\/\/www.fqgalicia.org\/wp-content\/uploads\/2022\/02\/ourense-300x169.png\" alt=\"\" width=\"300\" height=\"169\" srcset=\"https:\/\/www.fqgalicia.org\/wp-content\/uploads\/2022\/02\/ourense-300x169.png 300w, https:\/\/www.fqgalicia.org\/wp-content\/uploads\/2022\/02\/ourense-600x338.png 600w, https:\/\/www.fqgalicia.org\/wp-content\/uploads\/2022\/02\/ourense.png 640w\" sizes=\"auto, (max-width: 300px) 100vw, 300px\" \/>[\/vc_column_text][\/toggle][\/toggles][\/vc_column][vc_column column_padding=&#8221;padding-3-percent&#8221; column_padding_tablet=&#8221;inherit&#8221; column_padding_phone=&#8221;inherit&#8221; column_padding_position=&#8221;left&#8221; column_element_spacing=&#8221;default&#8221; centered_text=&#8221;true&#8221; background_color_opacity=&#8221;1&#8243; background_hover_color_opacity=&#8221;1&#8243; column_shadow=&#8221;none&#8221; column_border_radius=&#8221;none&#8221; column_link_target=&#8221;_self&#8221; gradient_direction=&#8221;left_to_right&#8221; overlay_strength=&#8221;0.3&#8243; width=&#8221;1\/3&#8243; tablet_width_inherit=&#8221;default&#8221; tablet_text_alignment=&#8221;default&#8221; phone_text_alignment=&#8221;default&#8221; bg_image_animation=&#8221;none&#8221; border_type=&#8221;simple&#8221; column_border_width=&#8221;none&#8221; column_border_style=&#8221;solid&#8221;][vc_row_inner column_margin=&#8221;default&#8221; column_direction=&#8221;default&#8221; column_direction_tablet=&#8221;default&#8221; column_direction_phone=&#8221;default&#8221; left_padding_desktop=&#8221;0&#8243; text_align=&#8221;left&#8221;][vc_column_inner column_padding=&#8221;no-extra-padding&#8221; column_padding_tablet=&#8221;inherit&#8221; column_padding_phone=&#8221;inherit&#8221; column_padding_position=&#8221;all&#8221; column_element_spacing=&#8221;default&#8221; background_color_opacity=&#8221;1&#8243; background_hover_color_opacity=&#8221;1&#8243; column_shadow=&#8221;none&#8221; column_border_radius=&#8221;none&#8221; column_link_target=&#8221;_self&#8221; gradient_direction=&#8221;left_to_right&#8221; overlay_strength=&#8221;0.3&#8243; width=&#8221;1\/1&#8243; tablet_width_inherit=&#8221;default&#8221; bg_image_animation=&#8221;none&#8221; border_type=&#8221;simple&#8221; column_border_width=&#8221;none&#8221; column_border_style=&#8221;solid&#8221;][nectar_highlighted_text color_type=&#8221;regular&#8221; highlight_color=&#8221;#e26536&#8243; style=&#8221;half_text&#8221;]\n<h2 style=\"text-align: center;\"><em>2021<\/em><\/h2>\n[\/nectar_highlighted_text][image_with_animation image_url=&#8221;3019&#8243; animation=&#8221;Fade In&#8221; hover_animation=&#8221;none&#8221; alignment=&#8221;center&#8221; border_radius=&#8221;none&#8221; box_shadow=&#8221;none&#8221; image_loading=&#8221;default&#8221; max_width=&#8221;100%&#8221; max_width_mobile=&#8221;default&#8221; margin_top=&#8221;15%&#8221;][\/vc_column_inner][\/vc_row_inner][\/vc_column][\/vc_row][vc_row type=&#8221;in_container&#8221; full_screen_row_position=&#8221;middle&#8221; column_margin=&#8221;default&#8221; column_direction=&#8221;default&#8221; column_direction_tablet=&#8221;column_reverse&#8221; column_direction_phone=&#8221;column_reverse&#8221; scene_position=&#8221;center&#8221; top_padding=&#8221;18%&#8221; bottom_padding=&#8221;4%&#8221; left_padding_desktop=&#8221;5%&#8221; constrain_group_2=&#8221;yes&#8221; right_padding_desktop=&#8221;5%&#8221; top_padding_tablet=&#8221;10%&#8221; top_padding_phone=&#8221;10%&#8221; text_color=&#8221;dark&#8221; text_align=&#8221;left&#8221; row_border_radius=&#8221;none&#8221; row_border_radius_applies=&#8221;bg&#8221; id=&#8221;objetivos&#8221; overlay_strength=&#8221;0.3&#8243; gradient_direction=&#8221;left_to_right&#8221; enable_shape_divider=&#8221;true&#8221; shape_divider_color=&#8221;#94bfb7&#8243; shape_divider_position=&#8221;top&#8221; shape_divider_height=&#8221;28%&#8221; shape_divider_height_tablet=&#8221;8%&#8221; shape_divider_height_phone=&#8221;8%&#8221; bg_image_animation=&#8221;none&#8221; shape_type=&#8221;waves&#8221;][vc_column column_padding=&#8221;no-extra-padding&#8221; column_padding_tablet=&#8221;inherit&#8221; column_padding_phone=&#8221;inherit&#8221; column_padding_position=&#8221;all&#8221; column_element_spacing=&#8221;default&#8221; background_color_opacity=&#8221;1&#8243; background_hover_color_opacity=&#8221;1&#8243; font_color=&#8221;#000000&#8243; column_shadow=&#8221;none&#8221; column_border_radius=&#8221;none&#8221; column_link_target=&#8221;_self&#8221; gradient_direction=&#8221;left_to_right&#8221; overlay_strength=&#8221;0.3&#8243; width=&#8221;2\/3&#8243; tablet_width_inherit=&#8221;default&#8221; tablet_text_alignment=&#8221;default&#8221; phone_text_alignment=&#8221;default&#8221; bg_image_animation=&#8221;none&#8221; border_type=&#8221;simple&#8221; column_border_width=&#8221;none&#8221; column_border_style=&#8221;solid&#8221;][toggles style=&#8221;minimal_small&#8221;][toggle color=&#8221;Extra-Color-2&#8243; title=&#8221;Programa de fisioterapia e atenci\u00f3n integral. Cooperaci\u00f3n&#8221;][vc_column_text]\n<ul>\n<li>Convocatoria: Subvenci\u00f3n para a contrataci\u00f3n de traballadores desempregados polas entidades sen \u00e1nimo de lucro. Programa operativo emprego xuvenil 2020.<\/li>\n<li>Obxecto: Contrataci\u00f3n dunha traballadora social e fisioterapeuta na \u00e1rea de A Coru\u00f1a para dar servizo de informaci\u00f3n, asesoramento e xesti\u00f3n da entidade.<\/li>\n<li>Data de inicio: 28\/12\/2020<\/li>\n<li>Importe da subvenci\u00f3n: 37.002,00\u20ac<\/li>\n<li>Duraci\u00f3n: 12 meses.<\/li>\n<\/ul>\n<p><img loading=\"lazy\" decoding=\"async\" class=\"alignnone wp-image-38692\" src=\"https:\/\/www.fqgalicia.org\/wp-content\/uploads\/2022\/01\/programa-fisioterapia-persoas-fq-300x172.jpg\" alt=\"\" width=\"535\" height=\"307\" srcset=\"https:\/\/www.fqgalicia.org\/wp-content\/uploads\/2022\/01\/programa-fisioterapia-persoas-fq-300x172.jpg 300w, https:\/\/www.fqgalicia.org\/wp-content\/uploads\/2022\/01\/programa-fisioterapia-persoas-fq.jpg 590w\" sizes=\"auto, (max-width: 535px) 100vw, 535px\" \/>[\/vc_column_text][\/toggle][toggle color=&#8221;Extra-Color-2&#8243; title=&#8221;Programa de aerosolterapia, fisioterapia e atenci\u00f3n integral para persoas con fibrose qu\u00edstica&#8221;][vc_column_text]\n<ul>\n<li>Convocatoria: Proxecto cofinanciado pola Xunta de Galicia a trav\u00e9s dos fondos do 0,7% do IRPF.<\/li>\n<li>Obxecto: Contrataci\u00f3n dun fisioterapeuta na \u00e1rea de Pontevedra para a realizaci\u00f3n de sesi\u00f3ns de fisioterapia respiratoria e de exercicio f\u00edsico.<\/li>\n<li>Data de inicio del servicio: 01\/01\/2020<\/li>\n<li>Duraci\u00f3n: 12 meses<\/li>\n<li>Importe da subvenci\u00f3n concedida: 15.259,20\u20ac<\/li>\n<\/ul>\n<p><img loading=\"lazy\" decoding=\"async\" class=\"alignnone wp-image-38665\" src=\"https:\/\/www.fqgalicia.org\/wp-content\/uploads\/2022\/01\/programa_fisioterapia_2020-271x300.jpg\" alt=\"\" width=\"525\" height=\"581\" srcset=\"https:\/\/www.fqgalicia.org\/wp-content\/uploads\/2022\/01\/programa_fisioterapia_2020-271x300.jpg 271w, https:\/\/www.fqgalicia.org\/wp-content\/uploads\/2022\/01\/programa_fisioterapia_2020-600x665.jpg 600w, https:\/\/www.fqgalicia.org\/wp-content\/uploads\/2022\/01\/programa_fisioterapia_2020-768x851.jpg 768w, https:\/\/www.fqgalicia.org\/wp-content\/uploads\/2022\/01\/programa_fisioterapia_2020.jpg 904w\" sizes=\"auto, (max-width: 525px) 100vw, 525px\" \/>[\/vc_column_text][\/toggle][toggle color=&#8221;Extra-Color-2&#8243; title=&#8221;Programa de atenci\u00f3n integral para persoas con fibrose qu\u00edstica&#8221;][vc_column_text]\n<ul>\n<li>Plan de prioridades da once: Supresi\u00f3n de barreiras psicosociais.<\/li>\n<li>Obxecto: Contrataci\u00f3n dunha traballadora social para a zona de Vigo Informaci\u00f3n, asesoramento, xesti\u00f3n de recursos, xesti\u00f3n de proxectos, acollida de novos socios, e avaliaci\u00f3n de resultados.<\/li>\n<li>Data de inicio del servicio: 01\/01\/2020<\/li>\n<li>Duraci\u00f3n: 12 meses<\/li>\n<li>Importe concedido: 9000\u20ac<\/li>\n<\/ul>\n<p><img loading=\"lazy\" decoding=\"async\" class=\"alignnone wp-image-38673\" src=\"https:\/\/www.fqgalicia.org\/wp-content\/uploads\/2022\/01\/Programas_atencion_integral-once-300x169.jpg\" alt=\"\" width=\"527\" height=\"297\" srcset=\"https:\/\/www.fqgalicia.org\/wp-content\/uploads\/2022\/01\/Programas_atencion_integral-once-300x169.jpg 300w, https:\/\/www.fqgalicia.org\/wp-content\/uploads\/2022\/01\/Programas_atencion_integral-once-600x337.jpg 600w, https:\/\/www.fqgalicia.org\/wp-content\/uploads\/2022\/01\/Programas_atencion_integral-once-768x432.jpg 768w, https:\/\/www.fqgalicia.org\/wp-content\/uploads\/2022\/01\/Programas_atencion_integral-once.jpg 980w\" sizes=\"auto, (max-width: 527px) 100vw, 527px\" \/>[\/vc_column_text][\/toggle][toggle color=&#8221;Extra-Color-2&#8243; title=&#8221;Programa de atenci\u00f3n integral e fisioterapia para persoas con fibrose qu\u00edstica&#8221;][vc_column_text]\n<ul>\n<li>Convocatoria: Subvenci\u00f3n a entidades sen fins lucrativos para actuaci\u00f3n no \u00e1mbito dos servizos sociais, sociosanitarios e da xuventude no ano 2020.<\/li>\n<li>Obxecto: Contrataci\u00f3n dunha traballadora social para a delegaci\u00f3n de Vigo, servizo de psicolox\u00eda e servizo de fisioterapia respiratoria en cl\u00ednicas<\/li>\n<li>Data de inicio: 01\/01\/2020<\/li>\n<li>Duraci\u00f3n: 12 meses<\/li>\n<li>Importe da subvenci\u00f3n: 6.000,00\u20ac<\/li>\n<\/ul>\n<p><img loading=\"lazy\" decoding=\"async\" class=\"alignnone wp-image-38675\" src=\"https:\/\/www.fqgalicia.org\/wp-content\/uploads\/2022\/01\/PROGRAMA_atencion-integral-fisioterapia-fq-300x171.jpg\" alt=\"\" width=\"533\" height=\"304\" srcset=\"https:\/\/www.fqgalicia.org\/wp-content\/uploads\/2022\/01\/PROGRAMA_atencion-integral-fisioterapia-fq-300x171.jpg 300w, https:\/\/www.fqgalicia.org\/wp-content\/uploads\/2022\/01\/PROGRAMA_atencion-integral-fisioterapia-fq-600x342.jpg 600w, https:\/\/www.fqgalicia.org\/wp-content\/uploads\/2022\/01\/PROGRAMA_atencion-integral-fisioterapia-fq-768x437.jpg 768w, https:\/\/www.fqgalicia.org\/wp-content\/uploads\/2022\/01\/PROGRAMA_atencion-integral-fisioterapia-fq.jpg 980w\" sizes=\"auto, (max-width: 533px) 100vw, 533px\" \/>[\/vc_column_text][\/toggle][toggle color=&#8221;Extra-Color-2&#8243; title=&#8221;Programa de voluntariado para persoas con fibrose qu\u00edstica&#8221;][vc_column_text]\n<ul>\n<li>Convocatoria: Subvenci\u00f3n a entidades de acci\u00f3n voluntaria de car\u00e1cter privado para o fomento e a realizaci\u00f3n de actividades de voluntariado.<\/li>\n<li>Obxecto: Importe concedido dedicado \u00e1 compra de equipos de protecci\u00f3n individual e coordinaci\u00f3n e seguimiento de voluntarios.<\/li>\n<li>Data de inicio:01\/01\/2020<\/li>\n<li>Duraci\u00f3n: 10 meses.<\/li>\n<li>Importe da subvenci\u00f3n: 1.171,28\u20ac<\/li>\n<\/ul>\n<p><img loading=\"lazy\" decoding=\"async\" class=\"alignnone wp-image-38679\" src=\"https:\/\/www.fqgalicia.org\/wp-content\/uploads\/2022\/01\/programa-voluntariado-persoas-fq-300x169.png\" alt=\"\" width=\"533\" height=\"300\" srcset=\"https:\/\/www.fqgalicia.org\/wp-content\/uploads\/2022\/01\/programa-voluntariado-persoas-fq-300x169.png 300w, https:\/\/www.fqgalicia.org\/wp-content\/uploads\/2022\/01\/programa-voluntariado-persoas-fq-600x337.png 600w, https:\/\/www.fqgalicia.org\/wp-content\/uploads\/2022\/01\/programa-voluntariado-persoas-fq-768x432.png 768w, https:\/\/www.fqgalicia.org\/wp-content\/uploads\/2022\/01\/programa-voluntariado-persoas-fq.png 980w\" sizes=\"auto, (max-width: 533px) 100vw, 533px\" \/>[\/vc_column_text][\/toggle][toggle color=&#8221;Extra-Color-2&#8243; title=&#8221;Programa de asesoramento, informaci\u00f3n e xesti\u00f3n para persoas con fibrose qu\u00edstica&#8221;][vc_column_text]\n<ul>\n<li>Convocatoria: FOCVAA- Convocatoria do programa de subvenci\u00f3ns a entidades sen fins de lucro para o mantemento de programas sociosanitarios durante o ano 2020.<\/li>\n<li>Obxecto: Contrataci\u00f3n dunha traballadora social, gastos xerais.<\/li>\n<li>Data de inicio: 01\/01\/2020<\/li>\n<li>Duraci\u00f3n: 12 meses<\/li>\n<li>Importe da subvenci\u00f3n: 4.275,00\u20ac<\/li>\n<\/ul>\n<p><img loading=\"lazy\" decoding=\"async\" class=\"alignnone wp-image-38682\" src=\"https:\/\/www.fqgalicia.org\/wp-content\/uploads\/2022\/01\/servizo-de-informacion-asesoramento-fq-300x169.png\" alt=\"\" width=\"533\" height=\"300\" srcset=\"https:\/\/www.fqgalicia.org\/wp-content\/uploads\/2022\/01\/servizo-de-informacion-asesoramento-fq-300x169.png 300w, https:\/\/www.fqgalicia.org\/wp-content\/uploads\/2022\/01\/servizo-de-informacion-asesoramento-fq-600x337.png 600w, https:\/\/www.fqgalicia.org\/wp-content\/uploads\/2022\/01\/servizo-de-informacion-asesoramento-fq-768x432.png 768w, https:\/\/www.fqgalicia.org\/wp-content\/uploads\/2022\/01\/servizo-de-informacion-asesoramento-fq.png 980w\" sizes=\"auto, (max-width: 533px) 100vw, 533px\" \/>[\/vc_column_text][\/toggle][toggle color=&#8221;Extra-Color-2&#8243; title=&#8221;Programa de mantemento da asociaci\u00f3n&#8221;][vc_column_text]\n<ul>\n<li>Convocatoria: Convocatoria espec\u00edfica para a concesi\u00f3n de subvenci\u00f3ns destinadas a actividades de interese social en materia de igualdade e diversidade do excelent\u00edsimo concello de A Coru\u00f1a para o exercicio 2020.<\/li>\n<li>Obxecto: Importe concedido dedicado para gastos de mantemento de oficina, correos, material oficina, tel\u00e9fono, material actividades, carteis, protecci\u00f3n de datos.<\/li>\n<li>Data de inicio: 01\/01\/2020<\/li>\n<li>Duraci\u00f3n: 12 meses<\/li>\n<li>Importe da subvenci\u00f3n: 2.600,00\u20ac<\/li>\n<\/ul>\n<p><img loading=\"lazy\" decoding=\"async\" class=\"alignnone wp-image-38685\" src=\"https:\/\/www.fqgalicia.org\/wp-content\/uploads\/2022\/01\/programa-asesoramento-visibilidade-fq-300x170.jpg\" alt=\"\" width=\"531\" height=\"301\" srcset=\"https:\/\/www.fqgalicia.org\/wp-content\/uploads\/2022\/01\/programa-asesoramento-visibilidade-fq-300x170.jpg 300w, https:\/\/www.fqgalicia.org\/wp-content\/uploads\/2022\/01\/programa-asesoramento-visibilidade-fq-600x340.jpg 600w, https:\/\/www.fqgalicia.org\/wp-content\/uploads\/2022\/01\/programa-asesoramento-visibilidade-fq-768x435.jpg 768w, https:\/\/www.fqgalicia.org\/wp-content\/uploads\/2022\/01\/programa-asesoramento-visibilidade-fq.jpg 980w\" sizes=\"auto, (max-width: 531px) 100vw, 531px\" \/>[\/vc_column_text][\/toggle][toggle color=&#8221;Extra-Color-2&#8243; title=&#8221;Programa de fomento do deporte para persoas con fibrose qu\u00edstica&#8221;][vc_column_text]\n<ul>\n<li>Convocatoria: Subvenci\u00f3ns de concorrencia competitiva dirixida a entidades deportivas sen \u00e1nimo de lucro destinadas ao fomento e apoio \u00e1 realizaci\u00f3n de actividades f\u00edsicas e deportivas a realizar durante o exercicio 2020.<\/li>\n<li>Obxecto: Contrataci\u00f3n dun fisioterapeuta e compra de equipos de protecci\u00f3n individual.<\/li>\n<li>Data de inicio: 01\/01\/2020<\/li>\n<li>Duraci\u00f3n: 6 meses<\/li>\n<li>Importe da subvenci\u00f3n: 2.000,00\u20ac<\/li>\n<\/ul>\n<p><img loading=\"lazy\" decoding=\"async\" class=\"alignnone wp-image-38688\" src=\"https:\/\/www.fqgalicia.org\/wp-content\/uploads\/2022\/01\/programa-fomento-deporte-fq-300x169.png\" alt=\"\" width=\"540\" height=\"304\" srcset=\"https:\/\/www.fqgalicia.org\/wp-content\/uploads\/2022\/01\/programa-fomento-deporte-fq-300x169.png 300w, https:\/\/www.fqgalicia.org\/wp-content\/uploads\/2022\/01\/programa-fomento-deporte-fq.png 570w\" sizes=\"auto, (max-width: 540px) 100vw, 540px\" \/>[\/vc_column_text][\/toggle][\/toggles][\/vc_column][vc_column column_padding=&#8221;padding-3-percent&#8221; column_padding_tablet=&#8221;inherit&#8221; column_padding_phone=&#8221;inherit&#8221; column_padding_position=&#8221;left&#8221; column_element_spacing=&#8221;default&#8221; centered_text=&#8221;true&#8221; background_color_opacity=&#8221;1&#8243; background_hover_color_opacity=&#8221;1&#8243; column_shadow=&#8221;none&#8221; column_border_radius=&#8221;none&#8221; column_link_target=&#8221;_self&#8221; gradient_direction=&#8221;left_to_right&#8221; overlay_strength=&#8221;0.3&#8243; width=&#8221;1\/3&#8243; tablet_width_inherit=&#8221;default&#8221; tablet_text_alignment=&#8221;default&#8221; phone_text_alignment=&#8221;default&#8221; bg_image_animation=&#8221;none&#8221; border_type=&#8221;simple&#8221; column_border_width=&#8221;none&#8221; column_border_style=&#8221;solid&#8221;][vc_row_inner column_margin=&#8221;default&#8221; column_direction=&#8221;default&#8221; column_direction_tablet=&#8221;default&#8221; column_direction_phone=&#8221;default&#8221; left_padding_desktop=&#8221;0&#8243; text_align=&#8221;left&#8221;][vc_column_inner column_padding=&#8221;no-extra-padding&#8221; column_padding_tablet=&#8221;inherit&#8221; column_padding_phone=&#8221;inherit&#8221; column_padding_position=&#8221;all&#8221; column_element_spacing=&#8221;default&#8221; background_color_opacity=&#8221;1&#8243; background_hover_color_opacity=&#8221;1&#8243; column_shadow=&#8221;none&#8221; column_border_radius=&#8221;none&#8221; column_link_target=&#8221;_self&#8221; gradient_direction=&#8221;left_to_right&#8221; overlay_strength=&#8221;0.3&#8243; width=&#8221;1\/1&#8243; tablet_width_inherit=&#8221;default&#8221; bg_image_animation=&#8221;none&#8221; border_type=&#8221;simple&#8221; column_border_width=&#8221;none&#8221; column_border_style=&#8221;solid&#8221;][nectar_highlighted_text color_type=&#8221;regular&#8221; highlight_color=&#8221;#e26536&#8243; style=&#8221;half_text&#8221;]\n<h2 style=\"text-align: center;\"><em>2020<\/em><\/h2>\n[\/nectar_highlighted_text][image_with_animation image_url=&#8221;3019&#8243; animation=&#8221;Fade In&#8221; hover_animation=&#8221;none&#8221; alignment=&#8221;center&#8221; border_radius=&#8221;none&#8221; box_shadow=&#8221;none&#8221; image_loading=&#8221;default&#8221; max_width=&#8221;100%&#8221; max_width_mobile=&#8221;default&#8221; margin_top=&#8221;15%&#8221;][\/vc_column_inner][\/vc_row_inner][\/vc_column][\/vc_row]\n","protected":false},"excerpt":{"rendered":"<p>[vc_row type=&#8221;full_width_background&#8221; full_screen_row_position=&#8221;middle&#8221; column_margin=&#8221;default&#8221; equal_height=&#8221;yes&#8221; content_placement=&#8221;middle&#8221; column_direction=&#8221;default&#8221; column_direction_tablet=&#8221;default&#8221; column_direction_phone=&#8221;column_reverse&#8221; bg_color=&#8221;#94bfb7&#8243; scene_position=&#8221;center&#8221; top_padding=&#8221;16%&#8221; bottom_padding=&#8221;2%&#8221; text_color=&#8221;light&#8221; text_align=&#8221;left&#8221; row_border_radius=&#8221;none&#8221; row_border_radius_applies=&#8221;bg&#8221; overlay_strength=&#8221;0.5&#8243; gradient_direction=&#8221;left_to_right&#8221; shape_divider_position=&#8221;bottom&#8221; shape_divider_height=&#8221;30%&#8221; shape_divider_height_phone=&#8221;15%&#8221; bg_image_animation=&#8221;none&#8221; parallax_bg=&#8221;true&#8221; parallax_bg_speed=&#8221;fast&#8221; shape_type=&#8221;waves&#8221;][vc_column column_padding=&#8221;no-extra-padding&#8221; column_padding_tablet=&#8221;inherit&#8221; column_padding_phone=&#8221;inherit&#8221; column_padding_position=&#8221;all&#8221;&#8230;<\/p>\n","protected":false},"author":1,"featured_media":0,"parent":0,"menu_order":0,"comment_status":"closed","ping_status":"closed","template":"","meta":{"footnotes":""},"class_list":["post-38569","page","type-page","status-publish"],"jetpack_sharing_enabled":true,"_links":{"self":[{"href":"https:\/\/www.fqgalicia.org\/gl\/wp-json\/wp\/v2\/pages\/38569","targetHints":{"allow":["GET"]}}],"collection":[{"href":"https:\/\/www.fqgalicia.org\/gl\/wp-json\/wp\/v2\/pages"}],"about":[{"href":"https:\/\/www.fqgalicia.org\/gl\/wp-json\/wp\/v2\/types\/page"}],"author":[{"embeddable":true,"href":"https:\/\/www.fqgalicia.org\/gl\/wp-json\/wp\/v2\/users\/1"}],"replies":[{"embeddable":true,"href":"https:\/\/www.fqgalicia.org\/gl\/wp-json\/wp\/v2\/comments?post=38569"}],"version-history":[{"count":68,"href":"https:\/\/www.fqgalicia.org\/gl\/wp-json\/wp\/v2\/pages\/38569\/revisions"}],"predecessor-version":[{"id":41169,"href":"https:\/\/www.fqgalicia.org\/gl\/wp-json\/wp\/v2\/pages\/38569\/revisions\/41169"}],"wp:attachment":[{"href":"https:\/\/www.fqgalicia.org\/gl\/wp-json\/wp\/v2\/media?parent=38569"}],"curies":[{"name":"wp","href":"https:\/\/api.w.org\/{rel}","templated":true}]}}